{"id":88,"date":"2023-11-25T06:39:44","date_gmt":"2023-11-25T05:39:44","guid":{"rendered":"https:\/\/lespapillonsblancs.fr\/?page_id=88"},"modified":"2025-04-17T10:58:17","modified_gmt":"2025-04-17T08:58:17","slug":"88-2","status":"publish","type":"page","link":"https:\/\/lespapillonsblancs.fr\/","title":{"rendered":"Accueil"},"content":{"rendered":"<p>[et_pb_section fb_built=\u00a0\u00bb1&Prime; _builder_version=\u00a0\u00bb4.23.1&Prime; _module_preset=\u00a0\u00bbdefault\u00a0\u00bb custom_margin=\u00a0\u00bb0px|0px|0px|0px|false|true\u00a0\u00bb custom_padding=\u00a0\u00bb0px|0px|0px|0px|false|false\u00a0\u00bb global_colors_info=\u00a0\u00bb{}\u00a0\u00bb][et_pb_row _builder_version=\u00a0\u00bb4.23.1&Prime; _module_preset=\u00a0\u00bbdefault\u00a0\u00bb global_colors_info=\u00a0\u00bb{}\u00a0\u00bb][et_pb_column type=\u00a0\u00bb4_4&Prime; _builder_version=\u00a0\u00bb4.23.1&Prime; _module_preset=\u00a0\u00bbdefault\u00a0\u00bb global_colors_info=\u00a0\u00bb{}\u00a0\u00bb][et_pb_image src=\u00a0\u00bbhttp:\/\/lespapillonsblancs.fr\/wp-content\/uploads\/2025\/04\/Capture-decran-2025-04-15-165443.png\u00a0\u00bb title_text=\u00a0\u00bbCapture d\u2019\u00e9cran 2025-04-15 165443&Prime; _builder_version=\u00a0\u00bb4.23.1&Prime; _module_preset=\u00a0\u00bbdefault\u00a0\u00bb hover_enabled=\u00a0\u00bb0&Prime; global_colors_info=\u00a0\u00bb{}\u00a0\u00bb sticky_enabled=\u00a0\u00bb0&Prime; disabled_on=\u00a0\u00bbon|on|on\u00a0\u00bb disabled=\u00a0\u00bbon\u00a0\u00bb][\/et_pb_image][\/et_pb_column][\/et_pb_row][\/et_pb_section][et_pb_section fb_built=\u00a0\u00bb1&Prime; custom_padding_last_edited=\u00a0\u00bbon|phone\u00a0\u00bb admin_label=\u00a0\u00bbAbout\u00a0\u00bb _builder_version=\u00a0\u00bb4.16&Prime; _module_preset=\u00a0\u00bbdefault\u00a0\u00bb custom_padding=\u00a0\u00bb50px||50px||true|\u00a0\u00bb custom_padding_tablet=\u00a0\u00bb0px||||false|false\u00a0\u00bb custom_padding_phone=\u00a0\u00bb0px||||false|false\u00a0\u00bb global_colors_info=\u00a0\u00bb{}\u00a0\u00bb][et_pb_row _builder_version=\u00a0\u00bb4.16&Prime; _module_preset=\u00a0\u00bbdefault\u00a0\u00bb global_colors_info=\u00a0\u00bb{}\u00a0\u00bb][et_pb_column type=\u00a0\u00bb4_4&Prime; _builder_version=\u00a0\u00bb4.16&Prime; _module_preset=\u00a0\u00bbdefault\u00a0\u00bb global_colors_info=\u00a0\u00bb{}\u00a0\u00bb][et_pb_image src=\u00a0\u00bbhttp:\/\/lespapillonsblancs.fr\/wp-content\/uploads\/2023\/11\/nursing-home_23.png\u00a0\u00bb title_text=\u00a0\u00bbnursing-home_23&Prime; _builder_version=\u00a0\u00bb4.16&Prime; _module_preset=\u00a0\u00bbdefault\u00a0\u00bb positioning=\u00a0\u00bbabsolute\u00a0\u00bb vertical_offset_last_edited=\u00a0\u00bboff|desktop\u00a0\u00bb width=\u00a0\u00bb100%\u00a0\u00bb locked=\u00a0\u00bboff\u00a0\u00bb global_colors_info=\u00a0\u00bb{}\u00a0\u00bb][\/et_pb_image][et_pb_text _builder_version=\u00a0\u00bb4.16&Prime; _module_preset=\u00a0\u00bb003e9429-8e11-4d9e-968b-8881092bbf81&Prime; header_2_font=\u00a0\u00bbJost|700|||||||\u00a0\u00bb header_2_text_color=\u00a0\u00bb#000000&Prime; header_2_font_size=\u00a0\u00bb60px\u00a0\u00bb header_2_line_height=\u00a0\u00bb1.1em\u00a0\u00bb text_orientation=\u00a0\u00bbcenter\u00a0\u00bb hover_enabled=\u00a0\u00bb0&Prime; header_2_font_size_tablet=\u00a0\u00bb32px\u00a0\u00bb header_2_font_size_phone=\u00a0\u00bb20px\u00a0\u00bb header_2_font_size_last_edited=\u00a0\u00bbon|phone\u00a0\u00bb locked=\u00a0\u00bboff\u00a0\u00bb global_colors_info=\u00a0\u00bb{}\u00a0\u00bb sticky_enabled=\u00a0\u00bb0&Prime;]<\/p>\n<h2>Notre association<\/h2>\n<p>[\/et_pb_text][et_pb_text _builder_version=\u00a0\u00bb4.16&Prime; _module_preset=\u00a0\u00bb22d0da71-6393-430b-a0cd-b77dd565e85c\u00a0\u00bb text_font_size=\u00a0\u00bb16px\u00a0\u00bb text_line_height=\u00a0\u00bb1.8em\u00a0\u00bb text_orientation=\u00a0\u00bbcenter\u00a0\u00bb text_font_size_tablet=\u00a0\u00bb15px\u00a0\u00bb text_font_size_phone=\u00a0\u00bb14px\u00a0\u00bb text_font_size_last_edited=\u00a0\u00bbon|phone\u00a0\u00bb header_font_size_tablet=\u00a0\u00bb55px\u00a0\u00bb header_font_size_last_edited=\u00a0\u00bboff|desktop\u00a0\u00bb locked=\u00a0\u00bboff\u00a0\u00bb global_colors_info=\u00a0\u00bb{}\u00a0\u00bb]<\/p>\n<p><span>Depuis pr\u00e8s de 50 ans, les Papillons Blancs des Vall\u00e9es, est une association qui s\u2019engage \u00e0 fournir un soutien et une assistance aux personnes en situation de handicap. Notre mission consiste \u00e0 les accompagner dans l\u2019exploitation de leur plein potentiel et \u00e0 les encourager \u00e0 participer activement \u00e0 la soci\u00e9t\u00e9. Nous sommes d\u00e9vou\u00e9s \u00e0 aider les personnes en situation de handicap \u00e0 surmonter les obstacles et \u00e0 vivre une vie pleine et \u00e9panouissante. Notre \u00e9quipe passionn\u00e9e et comp\u00e9tente travaille sans rel\u00e2che pour offrir un soutien personnalis\u00e9, adapt\u00e9 aux besoins individuels de chaque personne. Gr\u00e2ce \u00e0 nos programmes et services vari\u00e9s, nous favorisons l\u2019autonomie, l\u2019inclusion et l\u2019\u00e9galit\u00e9 des chances pour tous. Rejoignez-nous dans notre mission d\u2019accompagner les personnes en situation de handicap \u00e0 r\u00e9aliser leurs r\u00eaves et \u00e0 construire un avenir meilleur.<\/span><\/p>\n<p>[\/et_pb_text][et_pb_button button_url=\u00a0\u00bb@ET-DC@eyJkeW5hbWljIjp0cnVlLCJjb250ZW50IjoicG9zdF9saW5rX3VybF9wYWdlIiwic2V0dGluZ3MiOnsicG9zdF9pZCI6IjI3NiJ9fQ==@\u00a0\u00bb button_text=\u00a0\u00bbVoir plus\u00a0\u00bb button_alignment=\u00a0\u00bbcenter\u00a0\u00bb _builder_version=\u00a0\u00bb4.23.1&Prime; _dynamic_attributes=\u00a0\u00bbbutton_url\u00a0\u00bb _module_preset=\u00a0\u00bbcefaa07f-9636-40fe-a939-2a0ccdc332c6&Prime; custom_button=\u00a0\u00bbon\u00a0\u00bb button_text_size=\u00a0\u00bb14px\u00a0\u00bb button_text_color=\u00a0\u00bb#FFFFFF\u00a0\u00bb button_bg_color=\u00a0\u00bb#88C4DD\u00a0\u00bb button_border_width=\u00a0\u00bb0px\u00a0\u00bb button_border_radius=\u00a0\u00bb10px\u00a0\u00bb button_letter_spacing=\u00a0\u00bb0.2em\u00a0\u00bb button_font=\u00a0\u00bb|700||on|||||\u00a0\u00bb custom_padding=\u00a0\u00bb15px|30px|15px|30px|true|true\u00a0\u00bb locked=\u00a0\u00bboff\u00a0\u00bb global_colors_info=\u00a0\u00bb{}\u00a0\u00bb][\/et_pb_button][\/et_pb_column][\/et_pb_row][\/et_pb_section][et_pb_section fb_built=\u00a0\u00bb1&Prime; prev_background_color=\u00a0\u00bb#ffffff\u00a0\u00bb _builder_version=\u00a0\u00bb4.23.1&Prime; _module_preset=\u00a0\u00bbdefault\u00a0\u00bb background_enable_color=\u00a0\u00bboff\u00a0\u00bb background_image=\u00a0\u00bbhttp:\/\/lespapillonsblancs.fr\/wp-content\/uploads\/2023\/12\/bg-02.jpeg\u00a0\u00bb parallax=\u00a0\u00bbon\u00a0\u00bb custom_padding=\u00a0\u00bb80px||80px||false|false\u00a0\u00bb top_divider_style=\u00a0\u00bbwave2&Prime; bottom_divider_style=\u00a0\u00bbwave2&Prime; bottom_divider_color=\u00a0\u00bb#c1d0e3&Prime; global_colors_info=\u00a0\u00bb{}\u00a0\u00bb][et_pb_row _builder_version=\u00a0\u00bb4.23.1&Prime; _module_preset=\u00a0\u00bbdefault\u00a0\u00bb global_colors_info=\u00a0\u00bb{}\u00a0\u00bb][et_pb_column type=\u00a0\u00bb4_4&Prime; _builder_version=\u00a0\u00bb4.23.1&Prime; _module_preset=\u00a0\u00bbdefault\u00a0\u00bb global_colors_info=\u00a0\u00bb{}\u00a0\u00bb][et_pb_text _builder_version=\u00a0\u00bb4.16&Prime; _module_preset=\u00a0\u00bb003e9429-8e11-4d9e-968b-8881092bbf81&Prime; header_2_font=\u00a0\u00bbJost|700|||||||\u00a0\u00bb header_2_text_color=\u00a0\u00bb#000000&Prime; header_2_font_size=\u00a0\u00bb60px\u00a0\u00bb header_2_line_height=\u00a0\u00bb1.1em\u00a0\u00bb text_orientation=\u00a0\u00bbcenter\u00a0\u00bb header_2_font_size_tablet=\u00a0\u00bb32px\u00a0\u00bb header_2_font_size_phone=\u00a0\u00bb20px\u00a0\u00bb header_2_font_size_last_edited=\u00a0\u00bbon|phone\u00a0\u00bb locked=\u00a0\u00bboff\u00a0\u00bb global_colors_info=\u00a0\u00bb{}\u00a0\u00bb]<\/p>\n<h2>Nos ambitions<\/h2>\n<p>[\/et_pb_text][\/et_pb_column][\/et_pb_row][et_pb_row column_structure=\u00a0\u00bb1_5,1_5,1_5,1_5,1_5&Prime; _builder_version=\u00a0\u00bb4.23.1&Prime; _module_preset=\u00a0\u00bbdefault\u00a0\u00bb width=\u00a0\u00bb90%\u00a0\u00bb max_width=\u00a0\u00bb2560px\u00a0\u00bb global_colors_info=\u00a0\u00bb{}\u00a0\u00bb][et_pb_column type=\u00a0\u00bb1_5&Prime; _builder_version=\u00a0\u00bb4.23.1&Prime; _module_preset=\u00a0\u00bbdefault\u00a0\u00bb global_colors_info=\u00a0\u00bb{}\u00a0\u00bb][ba_flipbox front_media_type=\u00a0\u00bbimage\u00a0\u00bb front_img=\u00a0\u00bbhttp:\/\/lespapillonsblancs.fr\/wp-content\/uploads\/2023\/12\/Image5.jpg\u00a0\u00bb front_description=\u00a0\u00bbAccompagner les choix de vie des personnes et favoriser l\u2019inclusion\u00a0\u00bb back_media_type=\u00a0\u00bbnone\u00a0\u00bb back_description=\u00a0\u00bbNous visons \u00e0 \u00eatre moteur de l&rsquo;inclusion sociale en offrant un accompagnement personnalis\u00e9 et en pr\u00e9venant les ruptures de parcours. Notre vision : une soci\u00e9t\u00e9 inclusive o\u00f9 le simple terme \u00ab Soci\u00e9t\u00e9 \u00bb suffit.\u00a0\u00bb animation_type=\u00a0\u00bbpush\u00a0\u00bb direction=\u00a0\u00bbup\u00a0\u00bb front_padding=\u00a0\u00bb20px|20px|20px|20px|true|true\u00a0\u00bb back_padding=\u00a0\u00bb10px|10px|10px|10px|true|true\u00a0\u00bb front_img_padding=\u00a0\u00bb0px|0px|0px|0px|false|false\u00a0\u00bb back_bg_color=\u00a0\u00bb#12876F\u00a0\u00bb front_bg_color=\u00a0\u00bb#FFFFFF\u00a0\u00bb _builder_version=\u00a0\u00bb4.23.1&Prime; _module_preset=\u00a0\u00bbdefault\u00a0\u00bb front_title_font=\u00a0\u00bb||||||||\u00a0\u00bb front_description_font=\u00a0\u00bb||||||||\u00a0\u00bb back_title_font=\u00a0\u00bb||||||||\u00a0\u00bb back_title_text_color=\u00a0\u00bb#FFFFFF\u00a0\u00bb back_description_text_color=\u00a0\u00bb#FFFFFF\u00a0\u00bb background_color=\u00a0\u00bbRGBA(255,255,255,0)\u00a0\u00bb text_orientation=\u00a0\u00bbcenter\u00a0\u00bb border_radii_card=\u00a0\u00bbon|10px|10px|10px|10px\u00a0\u00bb border_width_all_card=\u00a0\u00bb1px\u00a0\u00bb global_colors_info=\u00a0\u00bb{}\u00a0\u00bb][\/ba_flipbox][\/et_pb_column][et_pb_column type=\u00a0\u00bb1_5&Prime; _builder_version=\u00a0\u00bb4.23.1&Prime; _module_preset=\u00a0\u00bbdefault\u00a0\u00bb global_colors_info=\u00a0\u00bb{}\u00a0\u00bb][ba_flipbox front_media_type=\u00a0\u00bbimage\u00a0\u00bb front_img=\u00a0\u00bbhttp:\/\/lespapillonsblancs.fr\/wp-content\/uploads\/2023\/12\/Image6.jpg\u00a0\u00bb front_description=\u00a0\u00bbRenforcer l\u2019accompagnement des familles, des proches et des aidants\u00a0\u00bb back_media_type=\u00a0\u00bbnone\u00a0\u00bb back_description=\u00a0\u00bbFamilles et proches sont au c\u0153ur de notre engagement. Nous renfor\u00e7ons l&rsquo;accompagnement par des ressources et un soutien continu. Les Papillons Blancs des Vall\u00e9es reconnaissent le r\u00f4le essentiel des accompagnateurs.\u00a0\u00bb animation_type=\u00a0\u00bbpush\u00a0\u00bb direction=\u00a0\u00bbup\u00a0\u00bb front_padding=\u00a0\u00bb20px|20px|20px|20px|true|true\u00a0\u00bb back_padding=\u00a0\u00bb10px|10px|10px|10px|true|true\u00a0\u00bb front_img_padding=\u00a0\u00bb0px|0px|0px|0px|false|false\u00a0\u00bb back_bg_color=\u00a0\u00bb#1FE0BA\u00a0\u00bb front_bg_color=\u00a0\u00bb#FFFFFF\u00a0\u00bb _builder_version=\u00a0\u00bb4.23.1&Prime; _module_preset=\u00a0\u00bbdefault\u00a0\u00bb front_title_font=\u00a0\u00bb||||||||\u00a0\u00bb front_description_font=\u00a0\u00bb||||||||\u00a0\u00bb back_title_font=\u00a0\u00bb||||||||\u00a0\u00bb back_title_text_color=\u00a0\u00bb#FFFFFF\u00a0\u00bb back_description_text_color=\u00a0\u00bb#FFFFFF\u00a0\u00bb background_color=\u00a0\u00bbRGBA(255,255,255,0)\u00a0\u00bb text_orientation=\u00a0\u00bbcenter\u00a0\u00bb border_radii_card=\u00a0\u00bbon|10px|10px|10px|10px\u00a0\u00bb border_width_all_card=\u00a0\u00bb1px\u00a0\u00bb global_colors_info=\u00a0\u00bb{}\u00a0\u00bb][\/ba_flipbox][\/et_pb_column][et_pb_column type=\u00a0\u00bb1_5&Prime; _builder_version=\u00a0\u00bb4.23.1&Prime; _module_preset=\u00a0\u00bbdefault\u00a0\u00bb global_colors_info=\u00a0\u00bb{}\u00a0\u00bb][ba_flipbox front_media_type=\u00a0\u00bbimage\u00a0\u00bb front_img=\u00a0\u00bbhttp:\/\/lespapillonsblancs.fr\/wp-content\/uploads\/2023\/12\/Image7.jpg\u00a0\u00bb front_description=\u00a0\u00bbSensibiliser et mobiliser les acteurs de la soci\u00e9t\u00e9 sur les questions li\u00e9es au handicap<br \/>\n\u00a0\u00bb back_media_type=\u00a0\u00bbnone\u00a0\u00bb back_description=\u00a0\u00bbEnsemble, nous pouvons cr\u00e9er un monde o\u00f9 le handicap n\u2019est plus un obstacle, mais une richesse. Notre ambition est d\u2019\u00eatre une voix influente, de promouvoir l\u2019inclusion et l\u2019accessibilit\u00e9 pour tous, tout en int\u00e9ressant davantage de b\u00e9n\u00e9voles.\u00a0\u00bb animation_type=\u00a0\u00bbpush\u00a0\u00bb direction=\u00a0\u00bbup\u00a0\u00bb front_padding=\u00a0\u00bb20px|20px|20px|20px|true|true\u00a0\u00bb back_padding=\u00a0\u00bb10px|10px|10px|10px|true|true\u00a0\u00bb front_img_padding=\u00a0\u00bb0px|0px|0px|0px|false|false\u00a0\u00bb back_bg_color=\u00a0\u00bb#1FD7E0&Prime; front_bg_color=\u00a0\u00bb#FFFFFF\u00a0\u00bb _builder_version=\u00a0\u00bb4.23.1&Prime; _module_preset=\u00a0\u00bbdefault\u00a0\u00bb front_title_font=\u00a0\u00bb||||||||\u00a0\u00bb front_description_font=\u00a0\u00bb||||||||\u00a0\u00bb back_title_font=\u00a0\u00bb||||||||\u00a0\u00bb back_title_text_color=\u00a0\u00bb#FFFFFF\u00a0\u00bb back_description_text_color=\u00a0\u00bb#FFFFFF\u00a0\u00bb background_color=\u00a0\u00bbRGBA(255,255,255,0)\u00a0\u00bb text_orientation=\u00a0\u00bbcenter\u00a0\u00bb border_radii_card=\u00a0\u00bbon|10px|10px|10px|10px\u00a0\u00bb border_width_all_card=\u00a0\u00bb1px\u00a0\u00bb global_colors_info=\u00a0\u00bb{}\u00a0\u00bb][\/ba_flipbox][\/et_pb_column][et_pb_column type=\u00a0\u00bb1_5&Prime; _builder_version=\u00a0\u00bb4.23.1&Prime; _module_preset=\u00a0\u00bbdefault\u00a0\u00bb global_colors_info=\u00a0\u00bb{}\u00a0\u00bb][ba_flipbox front_media_type=\u00a0\u00bbimage\u00a0\u00bb front_img=\u00a0\u00bbhttp:\/\/lespapillonsblancs.fr\/wp-content\/uploads\/2023\/12\/Image8.jpg\u00a0\u00bb front_description=\u00a0\u00bbS\u2019inscrire dans une dynamique de transformation de l\u2019offre et adapter notre offre\u00a0\u00bb back_media_type=\u00a0\u00bbnone\u00a0\u00bb back_description=\u00a0\u00bbNous nous engageons \u00e0 rendre notre accompagnement plus souple et adapt\u00e9, affirmant notre positionnement unique. D\u00e9couvrez nos projets innovants, de la cr\u00e9ation d\u2019un SAVAC \u00e0 un accueil temporaire, visant \u00e0 r\u00e9pondre aux besoins \u00e9volutifs des personnes que nous accompagnons.\u00a0\u00bb animation_type=\u00a0\u00bbpush\u00a0\u00bb direction=\u00a0\u00bbup\u00a0\u00bb front_padding=\u00a0\u00bb20px|20px|20px|20px|true|true\u00a0\u00bb back_padding=\u00a0\u00bb10px|10px|10px|10px|true|true\u00a0\u00bb front_img_padding=\u00a0\u00bb0px|0px|0px|0px|false|false\u00a0\u00bb back_bg_color=\u00a0\u00bb#88C4DD\u00a0\u00bb front_bg_color=\u00a0\u00bb#FFFFFF\u00a0\u00bb _builder_version=\u00a0\u00bb4.23.1&Prime; _module_preset=\u00a0\u00bbdefault\u00a0\u00bb front_title_font=\u00a0\u00bb||||||||\u00a0\u00bb front_description_font=\u00a0\u00bb||||||||\u00a0\u00bb back_title_font=\u00a0\u00bb||||||||\u00a0\u00bb back_title_text_color=\u00a0\u00bb#FFFFFF\u00a0\u00bb back_description_text_color=\u00a0\u00bb#FFFFFF\u00a0\u00bb background_color=\u00a0\u00bbRGBA(255,255,255,0)\u00a0\u00bb text_orientation=\u00a0\u00bbcenter\u00a0\u00bb border_radii_card=\u00a0\u00bbon|10px|10px|10px|10px\u00a0\u00bb border_width_all_card=\u00a0\u00bb1px\u00a0\u00bb global_colors_info=\u00a0\u00bb{}\u00a0\u00bb][\/ba_flipbox][\/et_pb_column][et_pb_column type=\u00a0\u00bb1_5&Prime; _builder_version=\u00a0\u00bb4.23.1&Prime; _module_preset=\u00a0\u00bbdefault\u00a0\u00bb global_colors_info=\u00a0\u00bb{}\u00a0\u00bb][ba_flipbox front_media_type=\u00a0\u00bbimage\u00a0\u00bb front_img=\u00a0\u00bbhttp:\/\/lespapillonsblancs.fr\/wp-content\/uploads\/2023\/12\/Image9.jpg\u00a0\u00bb front_description=\u00a0\u00bbIntensifier notre engagement soci\u00e9tal et environnementale\u00a0\u00bb back_media_type=\u00a0\u00bbnone\u00a0\u00bb back_description=\u00a0\u00bbEn tant qu\u2019association responsable, nos ambitions s\u2019\u00e9tendent \u00e0 offrir des opportunit\u00e9s d\u2019\u00e9panouissement tout en minimisant notre empreinte \u00e9cologique. Explorez nos actions pour le bien-\u00eatre au travail, la promotion d\u2019une consommation responsable, et notre contribution \u00e0 la pr\u00e9servation de l\u2019environnement.\u00a0\u00bb animation_type=\u00a0\u00bbpush\u00a0\u00bb direction=\u00a0\u00bbup\u00a0\u00bb front_padding=\u00a0\u00bb20px|20px|20px|20px|true|true\u00a0\u00bb back_padding=\u00a0\u00bb10px|10px|10px|10px|true|true\u00a0\u00bb front_img_padding=\u00a0\u00bb0px|0px|0px|0px|false|false\u00a0\u00bb back_bg_color=\u00a0\u00bb#3874FF\u00a0\u00bb front_bg_color=\u00a0\u00bb#FFFFFF\u00a0\u00bb _builder_version=\u00a0\u00bb4.23.1&Prime; _module_preset=\u00a0\u00bbdefault\u00a0\u00bb front_title_font=\u00a0\u00bb||||||||\u00a0\u00bb front_description_font=\u00a0\u00bb||||||||\u00a0\u00bb back_title_font=\u00a0\u00bb||||||||\u00a0\u00bb back_title_text_color=\u00a0\u00bb#FFFFFF\u00a0\u00bb back_description_text_color=\u00a0\u00bb#FFFFFF\u00a0\u00bb background_color=\u00a0\u00bbRGBA(255,255,255,0)\u00a0\u00bb text_orientation=\u00a0\u00bbcenter\u00a0\u00bb border_radii_card=\u00a0\u00bbon|10px|10px|10px|10px\u00a0\u00bb border_width_all_card=\u00a0\u00bb1px\u00a0\u00bb global_colors_info=\u00a0\u00bb{}\u00a0\u00bb][\/ba_flipbox][\/et_pb_column][\/et_pb_row][\/et_pb_section][et_pb_section fb_built=\u00a0\u00bb1&Prime; admin_label=\u00a0\u00bbServices\u00a0\u00bb _builder_version=\u00a0\u00bb4.23.1&Prime; _module_preset=\u00a0\u00bbdefault\u00a0\u00bb background_color=\u00a0\u00bbRGBA(255,255,255,0)\u00a0\u00bb use_background_color_gradient=\u00a0\u00bbon\u00a0\u00bb background_color_gradient_stops=\u00a0\u00bb#c1d0e3 0%|#ffffff 100%\u00a0\u00bb background_enable_image=\u00a0\u00bboff\u00a0\u00bb background_size=\u00a0\u00bbinitial\u00a0\u00bb background_position=\u00a0\u00bbtop_left\u00a0\u00bb global_colors_info=\u00a0\u00bb{}\u00a0\u00bb][et_pb_row _builder_version=\u00a0\u00bb4.23.1&Prime; _module_preset=\u00a0\u00bbdefault\u00a0\u00bb global_colors_info=\u00a0\u00bb{}\u00a0\u00bb][et_pb_column type=\u00a0\u00bb4_4&Prime; _builder_version=\u00a0\u00bb4.23.1&Prime; _module_preset=\u00a0\u00bbdefault\u00a0\u00bb global_colors_info=\u00a0\u00bb{}\u00a0\u00bb][et_pb_text _builder_version=\u00a0\u00bb4.23.1&Prime; _dynamic_attributes=\u00a0\u00bblink_option_url\u00a0\u00bb _module_preset=\u00a0\u00bb003e9429-8e11-4d9e-968b-8881092bbf81&Prime; header_2_font=\u00a0\u00bbJost|700|||||||\u00a0\u00bb header_2_text_color=\u00a0\u00bb#000000&Prime; header_2_font_size=\u00a0\u00bb60px\u00a0\u00bb header_2_line_height=\u00a0\u00bb1.1em\u00a0\u00bb text_orientation=\u00a0\u00bbcenter\u00a0\u00bb link_option_url=\u00a0\u00bb@ET-DC@eyJkeW5hbWljIjp0cnVlLCJjb250ZW50IjoicG9zdF9saW5rX3VybF9wYWdlIiwic2V0dGluZ3MiOnsicG9zdF9pZCI6IjEyNyJ9fQ==@\u00a0\u00bb header_2_font_size_tablet=\u00a0\u00bb32px\u00a0\u00bb header_2_font_size_phone=\u00a0\u00bb20px\u00a0\u00bb header_2_font_size_last_edited=\u00a0\u00bbon|phone\u00a0\u00bb locked=\u00a0\u00bboff\u00a0\u00bb global_colors_info=\u00a0\u00bb{}\u00a0\u00bb]<\/p>\n<h2>Nos actualit\u00e9s<\/h2>\n<p>[\/et_pb_text][et_pb_blog fullwidth=\u00a0\u00bboff\u00a0\u00bb posts_number=\u00a0\u00bb3&Prime; include_categories=\u00a0\u00bball\u00a0\u00bb show_more=\u00a0\u00bbon\u00a0\u00bb show_author=\u00a0\u00bboff\u00a0\u00bb show_pagination=\u00a0\u00bboff\u00a0\u00bb _builder_version=\u00a0\u00bb4.23.1&Prime; _module_preset=\u00a0\u00bbdefault\u00a0\u00bb global_colors_info=\u00a0\u00bb{}\u00a0\u00bb][\/et_pb_blog][\/et_pb_column][\/et_pb_row][et_pb_row custom_padding_last_edited=\u00a0\u00bbon|desktop\u00a0\u00bb _builder_version=\u00a0\u00bb4.23.1&Prime; _module_preset=\u00a0\u00bbdefault\u00a0\u00bb background_color=\u00a0\u00bb#56b8ff\u00a0\u00bb custom_padding=\u00a0\u00bb60px|60px|60px|60px|true|true\u00a0\u00bb custom_padding_tablet=\u00a0\u00bb30px|30px|30px|30px|true|true\u00a0\u00bb custom_padding_phone=\u00a0\u00bb|20px||20px|true|true\u00a0\u00bb border_radii=\u00a0\u00bbon|30px|30px|30px|30px\u00a0\u00bb box_shadow_style=\u00a0\u00bbpreset2&Prime; global_colors_info=\u00a0\u00bb{}\u00a0\u00bb][et_pb_column type=\u00a0\u00bb4_4&Prime; _builder_version=\u00a0\u00bb4.16&Prime; _module_preset=\u00a0\u00bbdefault\u00a0\u00bb global_colors_info=\u00a0\u00bb{}\u00a0\u00bb][et_pb_image src=\u00a0\u00bbhttp:\/\/lespapillonsblancs.fr\/wp-content\/uploads\/2023\/12\/heros-reussi-porte-masque-cape-rouges-leve-bras-scaled.jpg\u00a0\u00bb title_text=\u00a0\u00bbSuccessful hero wears red mask and cape, raises arms, shows biceps, demonstrates courage and strength, looks serious and confident, poses against blue wall. Real superhero ready to help you.\u00a0\u00bb _builder_version=\u00a0\u00bb4.23.1&Prime; _module_preset=\u00a0\u00bbdefault\u00a0\u00bb width=\u00a0\u00bb38%\u00a0\u00bb module_alignment=\u00a0\u00bbcenter\u00a0\u00bb border_radii=\u00a0\u00bbon|100px|100px|100px|100px\u00a0\u00bb border_width_all=\u00a0\u00bb8px\u00a0\u00bb border_color_all=\u00a0\u00bb#FFFFFF\u00a0\u00bb locked=\u00a0\u00bboff\u00a0\u00bb global_colors_info=\u00a0\u00bb{}\u00a0\u00bb][\/et_pb_image][et_pb_text _builder_version=\u00a0\u00bb4.23.1&Prime; _module_preset=\u00a0\u00bb0c6bc8be-1265-496d-a8dc-bc5e9a9a9edf\u00a0\u00bb header_font=\u00a0\u00bb||||||||\u00a0\u00bb header_3_font=\u00a0\u00bbJost|700|||||||\u00a0\u00bb header_3_text_color=\u00a0\u00bb#000000&Prime; header_3_font_size=\u00a0\u00bb30px\u00a0\u00bb header_3_line_height=\u00a0\u00bb1.2em\u00a0\u00bb header_4_text_align=\u00a0\u00bbcenter\u00a0\u00bb text_orientation=\u00a0\u00bbcenter\u00a0\u00bb custom_margin=\u00a0\u00bb||0px||false|false\u00a0\u00bb header_3_font_size_tablet=\u00a0\u00bb20px\u00a0\u00bb header_3_font_size_phone=\u00a0\u00bb16px\u00a0\u00bb header_3_font_size_last_edited=\u00a0\u00bbon|phone\u00a0\u00bb locked=\u00a0\u00bboff\u00a0\u00bb global_colors_info=\u00a0\u00bb{}\u00a0\u00bb]<\/p>\n<h3>Soyez un super-h\u00e9ros<\/h3>\n<p>[\/et_pb_text][et_pb_text _builder_version=\u00a0\u00bb4.23.1&Prime; _module_preset=\u00a0\u00bb22d0da71-6393-430b-a0cd-b77dd565e85c\u00a0\u00bb text_text_color=\u00a0\u00bb#000000&Prime; text_font_size=\u00a0\u00bb21px\u00a0\u00bb text_line_height=\u00a0\u00bb1.8em\u00a0\u00bb text_orientation=\u00a0\u00bbcenter\u00a0\u00bb text_font_size_tablet=\u00a0\u00bb15px\u00a0\u00bb text_font_size_phone=\u00a0\u00bb14px\u00a0\u00bb text_font_size_last_edited=\u00a0\u00bbon|phone\u00a0\u00bb header_font_size_tablet=\u00a0\u00bb55px\u00a0\u00bb header_font_size_last_edited=\u00a0\u00bboff|desktop\u00a0\u00bb locked=\u00a0\u00bboff\u00a0\u00bb global_colors_info=\u00a0\u00bb{}\u00a0\u00bb]<\/p>\n<p><span>Rejoignez-nous et contribuez \u00e0 <\/span><span>notre mission de soutien aux personnes en situation de handicap.\u00a0Aidez-nous dans nos activit\u00e9s de loisirs, d\u2019accompagnement ou de sensibilisation et faites une diff\u00e9rence dans la vie de ceux qui en ont besoin.<\/span><\/p>\n<p>[\/et_pb_text][et_pb_button button_text=\u00a0\u00bbDEVENEZ BENEVOLE\u00a0\u00bb button_alignment=\u00a0\u00bbcenter\u00a0\u00bb _builder_version=\u00a0\u00bb4.23.1&Prime; _module_preset=\u00a0\u00bbf05bba5e-c4ed-4d16-99f6-de883c2b94d5&Prime; custom_button=\u00a0\u00bbon\u00a0\u00bb button_text_size=\u00a0\u00bb14px\u00a0\u00bb button_text_color=\u00a0\u00bb#FFFFFF\u00a0\u00bb button_bg_color=\u00a0\u00bb#000000&Prime; button_border_width=\u00a0\u00bb0px\u00a0\u00bb button_border_radius=\u00a0\u00bb10px\u00a0\u00bb button_letter_spacing=\u00a0\u00bb0.2em\u00a0\u00bb button_font=\u00a0\u00bb|700||on|||||\u00a0\u00bb custom_padding=\u00a0\u00bb15px|30px|15px|30px|true|true\u00a0\u00bb locked=\u00a0\u00bboff\u00a0\u00bb global_colors_info=\u00a0\u00bb{}\u00a0\u00bb][\/et_pb_button][\/et_pb_column][\/et_pb_row][\/et_pb_section][et_pb_section fb_built=\u00a0\u00bb1&Prime; _builder_version=\u00a0\u00bb4.23.1&Prime; _module_preset=\u00a0\u00bbdefault\u00a0\u00bb background_enable_image=\u00a0\u00bboff\u00a0\u00bb background_size=\u00a0\u00bbcontain\u00a0\u00bb background_position=\u00a0\u00bbcenter_right\u00a0\u00bb global_colors_info=\u00a0\u00bb{}\u00a0\u00bb][et_pb_row column_structure=\u00a0\u00bb1_2,1_2&Prime; _builder_version=\u00a0\u00bb4.23.1&Prime; _module_preset=\u00a0\u00bbdefault\u00a0\u00bb global_colors_info=\u00a0\u00bb{}\u00a0\u00bb][et_pb_column type=\u00a0\u00bb1_2&Prime; _builder_version=\u00a0\u00bb4.23.1&Prime; _module_preset=\u00a0\u00bbdefault\u00a0\u00bb global_colors_info=\u00a0\u00bb{}\u00a0\u00bb][et_pb_number_counter title=\u00a0\u00bbpersonnes accompagn\u00e9es\u00a0\u00bb number=\u00a0\u00bb100&Prime; percent_sign=\u00a0\u00bboff\u00a0\u00bb _builder_version=\u00a0\u00bb4.23.1&Prime; _module_preset=\u00a0\u00bbdefault\u00a0\u00bb title_font=\u00a0\u00bb|600||on|||||\u00a0\u00bb title_font_size=\u00a0\u00bb18px\u00a0\u00bb number_font=\u00a0\u00bb||||||||\u00a0\u00bb number_font_size=\u00a0\u00bb140px\u00a0\u00bb number_line_height=\u00a0\u00bb40px\u00a0\u00bb custom_margin=\u00a0\u00bb20px||16px||false|false\u00a0\u00bb number_text_shadow_style=\u00a0\u00bbpreset1&Prime; global_colors_info=\u00a0\u00bb{}\u00a0\u00bb][\/et_pb_number_counter][ba_number use_counter=\u00a0\u00bbon\u00a0\u00bb title=\u00a0\u00bbL\u2019association, c\u2019est plus de 100 personnes accompagn\u00e9es en 2023, soit : \u00a0\u00bb number_alignment=\u00a0\u00bbcenter\u00a0\u00bb number_bg_color=\u00a0\u00bb#63b9f2&Prime; _builder_version=\u00a0\u00bb4.23.1&Prime; _module_preset=\u00a0\u00bbdefault\u00a0\u00bb number_text_color=\u00a0\u00bb#FFFFFF\u00a0\u00bb number_font_size=\u00a0\u00bb40px\u00a0\u00bb title_text_align=\u00a0\u00bbcenter\u00a0\u00bb number_text_shadow_style=\u00a0\u00bbpreset1&Prime; border_radii_number=\u00a0\u00bbon|75px|75px|75px|75px\u00a0\u00bb box_shadow_style_number=\u00a0\u00bbpreset3&Prime; global_colors_info=\u00a0\u00bb{}\u00a0\u00bb][\/ba_number][\/et_pb_column][et_pb_column type=\u00a0\u00bb1_2&Prime; _builder_version=\u00a0\u00bb4.23.1&Prime; _module_preset=\u00a0\u00bbdefault\u00a0\u00bb global_colors_info=\u00a0\u00bb{}\u00a0\u00bb][et_pb_counters _builder_version=\u00a0\u00bb4.23.1&Prime; _module_preset=\u00a0\u00bbdefault\u00a0\u00bb min_height=\u00a0\u00bb208.5px\u00a0\u00bb custom_margin=\u00a0\u00bb7px|||||\u00a0\u00bb global_colors_info=\u00a0\u00bb{}\u00a0\u00bb][et_pb_counter percent=\u00a0\u00bb21&Prime; _builder_version=\u00a0\u00bb4.23.1&Prime; _module_preset=\u00a0\u00bbdefault\u00a0\u00bb global_colors_info=\u00a0\u00bb{}\u00a0\u00bb bar_background_color_default=\u00a0\u00bb#63b9f2&Prime; use_percentages=\u00a0\u00bbon\u00a0\u00bb]21 en SAVS[\/et_pb_counter][et_pb_counter percent=\u00a0\u00bb39&Prime; _builder_version=\u00a0\u00bb4.23.1&Prime; _module_preset=\u00a0\u00bbdefault\u00a0\u00bb global_colors_info=\u00a0\u00bb{}\u00a0\u00bb bar_background_color_default=\u00a0\u00bb#63b9f2&Prime; use_percentages=\u00a0\u00bbon\u00a0\u00bb]39 en Foyer de vie avec h\u00e9bergement[\/et_pb_counter][et_pb_counter percent=\u00a0\u00bb12&Prime; _builder_version=\u00a0\u00bb4.23.1&Prime; _module_preset=\u00a0\u00bbdefault\u00a0\u00bb global_colors_info=\u00a0\u00bb{}\u00a0\u00bb bar_background_color_default=\u00a0\u00bb#63b9f2&Prime; use_percentages=\u00a0\u00bbon\u00a0\u00bb]12 en Foyer d\u2019Accueil M\u00e9dicalis\u00e9[\/et_pb_counter][et_pb_counter percent=\u00a0\u00bb38&Prime; _builder_version=\u00a0\u00bb4.23.1&Prime; _module_preset=\u00a0\u00bbdefault\u00a0\u00bb global_colors_info=\u00a0\u00bb{}\u00a0\u00bb bar_background_color_default=\u00a0\u00bb#63b9f2&Prime; use_percentages=\u00a0\u00bbon\u00a0\u00bb]38 en Centre d\u2019Accueil de Jour[\/et_pb_counter][\/et_pb_counters][\/et_pb_column][\/et_pb_row][\/et_pb_section][et_pb_section fb_built=\u00a0\u00bb1&Prime; _builder_version=\u00a0\u00bb4.23.1&Prime; _module_preset=\u00a0\u00bbdefault\u00a0\u00bb background_color=\u00a0\u00bbrgba(193,208,227,0.5)\u00a0\u00bb custom_padding=\u00a0\u00bb3px|||||\u00a0\u00bb global_colors_info=\u00a0\u00bb{}\u00a0\u00bb][et_pb_row column_structure=\u00a0\u00bb1_4,1_4,1_4,1_4&Prime; _builder_version=\u00a0\u00bb4.23.1&Prime; _module_preset=\u00a0\u00bbdefault\u00a0\u00bb global_colors_info=\u00a0\u00bb{}\u00a0\u00bb][et_pb_column type=\u00a0\u00bb1_4&Prime; _builder_version=\u00a0\u00bb4.23.1&Prime; _module_preset=\u00a0\u00bbdefault\u00a0\u00bb global_colors_info=\u00a0\u00bb{}\u00a0\u00bb][et_pb_number_counter title=\u00a0\u00bbfamilles adh\u00e9rentes\u00a0\u00bb number=\u00a0\u00bb54&Prime; percent_sign=\u00a0\u00bboff\u00a0\u00bb _builder_version=\u00a0\u00bb4.23.1&Prime; _module_preset=\u00a0\u00bbdefault\u00a0\u00bb title_font=\u00a0\u00bb|600||on|||||\u00a0\u00bb title_font_size=\u00a0\u00bb18px\u00a0\u00bb number_font=\u00a0\u00bb||||||||\u00a0\u00bb number_text_color=\u00a0\u00bb#1FE0BA\u00a0\u00bb number_line_height=\u00a0\u00bb100px\u00a0\u00bb custom_margin=\u00a0\u00bb20px||||false|false\u00a0\u00bb global_colors_info=\u00a0\u00bb{}\u00a0\u00bb][\/et_pb_number_counter][\/et_pb_column][et_pb_column type=\u00a0\u00bb1_4&Prime; _builder_version=\u00a0\u00bb4.23.1&Prime; _module_preset=\u00a0\u00bbdefault\u00a0\u00bb global_colors_info=\u00a0\u00bb{}\u00a0\u00bb][et_pb_number_counter title=\u00a0\u00bbsalari\u00e9s\u00a0\u00bb number=\u00a0\u00bb67&Prime; percent_sign=\u00a0\u00bboff\u00a0\u00bb _builder_version=\u00a0\u00bb4.23.1&Prime; _module_preset=\u00a0\u00bbdefault\u00a0\u00bb title_font=\u00a0\u00bb|600||on|||||\u00a0\u00bb title_font_size=\u00a0\u00bb18px\u00a0\u00bb number_font=\u00a0\u00bb||||||||\u00a0\u00bb number_text_color=\u00a0\u00bb#1FE0BA\u00a0\u00bb number_line_height=\u00a0\u00bb100px\u00a0\u00bb custom_margin=\u00a0\u00bb20px||||false|false\u00a0\u00bb global_colors_info=\u00a0\u00bb{}\u00a0\u00bb][\/et_pb_number_counter][\/et_pb_column][et_pb_column type=\u00a0\u00bb1_4&Prime; _builder_version=\u00a0\u00bb4.23.1&Prime; _module_preset=\u00a0\u00bbdefault\u00a0\u00bb global_colors_info=\u00a0\u00bb{}\u00a0\u00bb][et_pb_number_counter title=\u00a0\u00bbb\u00e9n\u00e9voles\u00a0\u00bb number=\u00a0\u00bb40&Prime; percent_sign=\u00a0\u00bboff\u00a0\u00bb _builder_version=\u00a0\u00bb4.23.1&Prime; _module_preset=\u00a0\u00bbdefault\u00a0\u00bb title_font=\u00a0\u00bb|600||on|||||\u00a0\u00bb title_font_size=\u00a0\u00bb18px\u00a0\u00bb number_font=\u00a0\u00bb||||||||\u00a0\u00bb number_text_color=\u00a0\u00bb#1FE0BA\u00a0\u00bb number_line_height=\u00a0\u00bb100px\u00a0\u00bb custom_margin=\u00a0\u00bb20px||||false|false\u00a0\u00bb global_colors_info=\u00a0\u00bb{}\u00a0\u00bb][\/et_pb_number_counter][\/et_pb_column][et_pb_column type=\u00a0\u00bb1_4&Prime; _builder_version=\u00a0\u00bb4.23.1&Prime; _module_preset=\u00a0\u00bbdefault\u00a0\u00bb global_colors_info=\u00a0\u00bb{}\u00a0\u00bb][et_pb_number_counter title=\u00a0\u00bbadh\u00e9rents \u00e0 l\u2019ASDV\u00a0\u00bb number=\u00a0\u00bb42&Prime; percent_sign=\u00a0\u00bboff\u00a0\u00bb _builder_version=\u00a0\u00bb4.23.1&Prime; _module_preset=\u00a0\u00bbdefault\u00a0\u00bb title_font=\u00a0\u00bb|600||on|||||\u00a0\u00bb title_font_size=\u00a0\u00bb18px\u00a0\u00bb number_font=\u00a0\u00bb||||||||\u00a0\u00bb number_text_color=\u00a0\u00bb#1FE0BA\u00a0\u00bb number_line_height=\u00a0\u00bb100px\u00a0\u00bb custom_margin=\u00a0\u00bb20px||||false|false\u00a0\u00bb global_colors_info=\u00a0\u00bb{}\u00a0\u00bb][\/et_pb_number_counter][\/et_pb_column][\/et_pb_row][\/et_pb_section][et_pb_section fb_built=\u00a0\u00bb1&Prime; _builder_version=\u00a0\u00bb4.23.1&Prime; _module_preset=\u00a0\u00bbdefault\u00a0\u00bb global_colors_info=\u00a0\u00bb{}\u00a0\u00bb][et_pb_row _builder_version=\u00a0\u00bb4.23.1&Prime; _module_preset=\u00a0\u00bbdefault\u00a0\u00bb custom_margin=\u00a0\u00bb0px||0px||true|false\u00a0\u00bb custom_padding=\u00a0\u00bb0px||0px||true|false\u00a0\u00bb global_colors_info=\u00a0\u00bb{}\u00a0\u00bb][et_pb_column type=\u00a0\u00bb4_4&Prime; _builder_version=\u00a0\u00bb4.23.1&Prime; _module_preset=\u00a0\u00bbdefault\u00a0\u00bb global_colors_info=\u00a0\u00bb{}\u00a0\u00bb][ba_logo_carousel slide_spacing=\u00a0\u00bb61px\u00a0\u00bb logo_height=\u00a0\u00bb220px\u00a0\u00bb logo_hover=\u00a0\u00bbfade\u00a0\u00bb _builder_version=\u00a0\u00bb4.23.1&Prime; _module_preset=\u00a0\u00bbdefault\u00a0\u00bb custom_padding=\u00a0\u00bb0px|||||\u00a0\u00bb global_colors_info=\u00a0\u00bb{}\u00a0\u00bb][ba_logo_carousel_child logo=\u00a0\u00bbhttp:\/\/lespapillonsblancs.fr\/wp-content\/uploads\/2023\/12\/Logo_normandie_194x113.png\u00a0\u00bb brand_name=\u00a0\u00bbLogo ARS Normandie\u00a0\u00bb is_link=\u00a0\u00bbon\u00a0\u00bb link_url=\u00a0\u00bbhttps:\/\/www.normandie.ars.sante.fr\/\u00a0\u00bb link_options=\u00a0\u00bbon|on\u00a0\u00bb _builder_version=\u00a0\u00bb4.23.1&Prime; _module_preset=\u00a0\u00bbdefault\u00a0\u00bb global_colors_info=\u00a0\u00bb{}\u00a0\u00bb][\/ba_logo_carousel_child][ba_logo_carousel_child logo=\u00a0\u00bbhttp:\/\/lespapillonsblancs.fr\/wp-content\/uploads\/2023\/12\/logo_cd_76_quadri.png\u00a0\u00bb brand_name=\u00a0\u00bbLogo d\u00e9partement Seine-Maritime\u00a0\u00bb is_link=\u00a0\u00bbon\u00a0\u00bb link_url=\u00a0\u00bbhttps:\/\/www.seinemaritime.fr\/\u00a0\u00bb link_options=\u00a0\u00bbon|on\u00a0\u00bb _builder_version=\u00a0\u00bb4.23.1&Prime; _module_preset=\u00a0\u00bbdefault\u00a0\u00bb global_colors_info=\u00a0\u00bb{}\u00a0\u00bb][\/ba_logo_carousel_child][ba_logo_carousel_child logo=\u00a0\u00bbhttp:\/\/lespapillonsblancs.fr\/wp-content\/uploads\/2023\/12\/9fa47436-4669-4028-94d2-b950c95803ae_out-800&#215;272.jpg\u00a0\u00bb brand_name=\u00a0\u00bbLogo UNAPEI\u00a0\u00bb is_link=\u00a0\u00bbon\u00a0\u00bb link_url=\u00a0\u00bbhttps:\/\/www.unapei.org\/\u00a0\u00bb link_options=\u00a0\u00bbon|on\u00a0\u00bb _builder_version=\u00a0\u00bb4.23.1&Prime; _module_preset=\u00a0\u00bbdefault\u00a0\u00bb global_colors_info=\u00a0\u00bb{}\u00a0\u00bb][\/ba_logo_carousel_child][\/ba_logo_carousel][\/et_pb_column][\/et_pb_row][\/et_pb_section]<\/p>\n","protected":false},"excerpt":{"rendered":"<p>Notre associationDepuis pr\u00e8s de 50 ans, les Papillons Blancs des Vall\u00e9es, est une association qui s\u2019engage \u00e0 fournir un soutien et une assistance aux personnes en situation de handicap. Notre mission consiste \u00e0 les accompagner dans l\u2019exploitation de leur plein potentiel et \u00e0 les encourager \u00e0 participer activement \u00e0 la soci\u00e9t\u00e9. Nous sommes d\u00e9vou\u00e9s \u00e0 [&hellip;]<\/p>\n","protected":false},"author":2,"featured_media":250276,"parent":0,"menu_order":0,"comment_status":"closed","ping_status":"closed","template":"","meta":{"_et_pb_use_builder":"on","_et_pb_old_content":"","_et_gb_content_width":"","footnotes":""},"class_list":["post-88","page","type-page","status-publish","has-post-thumbnail","hentry"],"_links":{"self":[{"href":"https:\/\/lespapillonsblancs.fr\/index.php\/wp-json\/wp\/v2\/pages\/88","targetHints":{"allow":["GET"]}}],"collection":[{"href":"https:\/\/lespapillonsblancs.fr\/index.php\/wp-json\/wp\/v2\/pages"}],"about":[{"href":"https:\/\/lespapillonsblancs.fr\/index.php\/wp-json\/wp\/v2\/types\/page"}],"author":[{"embeddable":true,"href":"https:\/\/lespapillonsblancs.fr\/index.php\/wp-json\/wp\/v2\/users\/2"}],"replies":[{"embeddable":true,"href":"https:\/\/lespapillonsblancs.fr\/index.php\/wp-json\/wp\/v2\/comments?post=88"}],"version-history":[{"count":28,"href":"https:\/\/lespapillonsblancs.fr\/index.php\/wp-json\/wp\/v2\/pages\/88\/revisions"}],"predecessor-version":[{"id":250325,"href":"https:\/\/lespapillonsblancs.fr\/index.php\/wp-json\/wp\/v2\/pages\/88\/revisions\/250325"}],"wp:featuredmedia":[{"embeddable":true,"href":"https:\/\/lespapillonsblancs.fr\/index.php\/wp-json\/wp\/v2\/media\/250276"}],"wp:attachment":[{"href":"https:\/\/lespapillonsblancs.fr\/index.php\/wp-json\/wp\/v2\/media?parent=88"}],"curies":[{"name":"wp","href":"https:\/\/api.w.org\/{rel}","templated":true}]}}