{"id":276,"date":"2023-11-30T06:24:40","date_gmt":"2023-11-30T05:24:40","guid":{"rendered":"https:\/\/lespapillonsblancs.fr\/?page_id=276"},"modified":"2023-11-30T06:38:54","modified_gmt":"2023-11-30T05:38:54","slug":"qui-sommes-nous","status":"publish","type":"page","link":"https:\/\/lespapillonsblancs.fr\/index.php\/qui-sommes-nous\/","title":{"rendered":"Qui sommes-nous ?"},"content":{"rendered":"\n[et_pb_section fb_built=\u00a0\u00bb1&Prime; next_background_color=\u00a0\u00bb#ffffff\u00a0\u00bb _builder_version=\u00a0\u00bb4.23.1&Prime; _module_preset=\u00a0\u00bbdefault\u00a0\u00bb use_background_color_gradient=\u00a0\u00bbon\u00a0\u00bb background_image=\u00a0\u00bbhttp:\/\/lespapillonsblancs.fr\/wp-content\/uploads\/2023\/11\/25544-220426171244067-1-960&#215;640-1-e1701308909202.jpg\u00a0\u00bb background_position=\u00a0\u00bbtop_center\u00a0\u00bb background_blend=\u00a0\u00bbsoft-light\u00a0\u00bb bottom_divider_style=\u00a0\u00bbwaves2&Prime; bottom_divider_height=\u00a0\u00bb72px\u00a0\u00bb bottom_divider_repeat=\u00a0\u00bb1x\u00a0\u00bb global_colors_info=\u00a0\u00bb{}\u00a0\u00bb][et_pb_row _builder_version=\u00a0\u00bb4.23.1&Prime; _module_preset=\u00a0\u00bbdefault\u00a0\u00bb background_color=\u00a0\u00bbRGBA(255,255,255,0)\u00a0\u00bb custom_margin=\u00a0\u00bb||20px||false|false\u00a0\u00bb global_colors_info=\u00a0\u00bb{}\u00a0\u00bb][et_pb_column type=\u00a0\u00bb4_4&Prime; _builder_version=\u00a0\u00bb4.23.1&Prime; _module_preset=\u00a0\u00bbdefault\u00a0\u00bb global_colors_info=\u00a0\u00bb{}\u00a0\u00bb][et_pb_cta title=\u00a0\u00bbQui sommes-nous ?\u00a0\u00bb button_text=\u00a0\u00bbClics\u00a0\u00bb _builder_version=\u00a0\u00bb4.23.1&Prime; _module_preset=\u00a0\u00bbdefault\u00a0\u00bb header_level=\u00a0\u00bbh1&Prime; body_line_height=\u00a0\u00bb1.9em\u00a0\u00bb use_background_color=\u00a0\u00bboff\u00a0\u00bb global_colors_info=\u00a0\u00bb{}\u00a0\u00bb]<p><span style=\"font-size: large;\">Depuis pr\u00e8s de 50 ans, les Papillons Blancs des Vall\u00e9es, est une association qui s&rsquo;engage \u00e0 fournir un soutien et une assistance aux personnes en situation de handicap. Notre mission consiste \u00e0 les accompagner dans l&rsquo;exploitation de leur plein potentiel et \u00e0 les encourager \u00e0 participer activement \u00e0 la soci\u00e9t\u00e9. Nous sommes d\u00e9vou\u00e9s \u00e0 aider les personnes en situation de handicap \u00e0 surmonter les obstacles et \u00e0 vivre une vie pleine et \u00e9panouissante. Notre \u00e9quipe passionn\u00e9e et comp\u00e9tente travaille sans rel\u00e2che pour offrir un soutien personnalis\u00e9, adapt\u00e9 aux besoins individuels de chaque personne. Gr\u00e2ce \u00e0 nos programmes et services vari\u00e9s, nous favorisons l&rsquo;autonomie, l&rsquo;inclusion et l&rsquo;\u00e9galit\u00e9 des chances pour tous. Rejoignez-nous dans notre mission d&rsquo;accompagner les personnes en situation de handicap \u00e0 r\u00e9aliser leurs r\u00eaves et \u00e0 construire un avenir meilleur.<\/span><\/p>[\/et_pb_cta][\/et_pb_column][\/et_pb_row][\/et_pb_section][et_pb_section fb_built=\u00a0\u00bb1&Prime; _builder_version=\u00a0\u00bb4.23.1&Prime; _module_preset=\u00a0\u00bbdefault\u00a0\u00bb hover_enabled=\u00a0\u00bb0&Prime; global_colors_info=\u00a0\u00bb{}\u00a0\u00bb title_text=\u00a0\u00bbMen and women welcoming people with disabilities\u00a0\u00bb background_image=\u00a0\u00bbhttp:\/\/lespapillonsblancs.fr\/wp-content\/uploads\/2023\/11\/Men-and-women-welcoming-people-with-disabilities-scaled.jpg\u00a0\u00bb background_size=\u00a0\u00bbcontain\u00a0\u00bb background_position=\u00a0\u00bbcenter_right\u00a0\u00bb sticky_enabled=\u00a0\u00bb0&Prime;][et_pb_row column_structure=\u00a0\u00bb2_3,1_3&Prime; _builder_version=\u00a0\u00bb4.23.1&Prime; _module_preset=\u00a0\u00bbdefault\u00a0\u00bb global_colors_info=\u00a0\u00bb{}\u00a0\u00bb][et_pb_column type=\u00a0\u00bb2_3&Prime; _builder_version=\u00a0\u00bb4.23.1&Prime; _module_preset=\u00a0\u00bbdefault\u00a0\u00bb global_colors_info=\u00a0\u00bb{}\u00a0\u00bb][ba_advanced_divider active_element=\u00a0\u00bbtext\u00a0\u00bb title=\u00a0\u00bbUNE PLACE POUR CHACUN(E)\u00a0\u00bb use_shape=\u00a0\u00bbon\u00a0\u00bb shape_width=\u00a0\u00bb476px\u00a0\u00bb shape_weight=\u00a0\u00bb0.5&Prime; _builder_version=\u00a0\u00bb4.23.1&Prime; _module_preset=\u00a0\u00bbdefault\u00a0\u00bb global_colors_info=\u00a0\u00bb{}\u00a0\u00bb][\/ba_advanced_divider][et_pb_text _builder_version=\u00a0\u00bb4.23.1&Prime; _module_preset=\u00a0\u00bbdefault\u00a0\u00bb global_colors_info=\u00a0\u00bb{}\u00a0\u00bb]<p>Notre association, <strong>Les Papillons Blancs des Vall\u00e9es<\/strong>, a vu le jour dans les ann\u00e9es 1970 gr\u00e2ce \u00e0 l&rsquo;initiative de parents d&rsquo;enfants en situation de handicap. Depuis, nous nous consacrons \u00e0 accompagner les personnes en situation de handicap et leurs familles \u00e0 chaque \u00e9tape de leur parcours de vie.<\/p>\n<p>Fond\u00e9e sur des valeurs d&rsquo;entraide, notre action vise \u00e0 cr\u00e9er un environnement inclusif et bienveillant. Les racines profondes de notre projet associatif, tiss\u00e9 au fil des d\u00e9cennies, sont ancr\u00e9es dans l&rsquo;histoire de notre engagement envers le bien-\u00eatre des adultes en situation de handicap et de leurs familles.<\/p>\n<p>\u00ab\u00a0<strong>Une place pour chacun(e)<\/strong>\u00a0\u00bb r\u00e9sume l&rsquo;essence des Papillons Blancs des Vall\u00e9es, symbolisant une communaut\u00e9 inclusive o\u00f9 chaque individu trouve sa place, illuminant ainsi le chemin de la solidarit\u00e9.<\/p>[\/et_pb_text][dsm_text_badges main_text=\u00a0\u00bbL\u2019association est r\u00e9gie par la loi de 1901 et est affili\u00e9e \u00e0 l\u2019Unapei, principale f\u00e9d\u00e9ration nationale d\u2019associations parentales pour ce type de d\u00e9ficiences.\u00a0\u00bb badges_text=\u00a0\u00bbInfo\u00a0\u00bb badges_placement=\u00a0\u00bbbefore\u00a0\u00bb _builder_version=\u00a0\u00bb4.23.1&Prime; _module_preset=\u00a0\u00bbdefault\u00a0\u00bb global_colors_info=\u00a0\u00bb{}\u00a0\u00bb][\/dsm_text_badges][\/et_pb_column][et_pb_column type=\u00a0\u00bb1_3&Prime; _builder_version=\u00a0\u00bb4.23.1&Prime; _module_preset=\u00a0\u00bbdefault\u00a0\u00bb global_colors_info=\u00a0\u00bb{}\u00a0\u00bb][\/et_pb_column][\/et_pb_row][\/et_pb_section][et_pb_section fb_built=\u00a0\u00bb1&Prime; _builder_version=\u00a0\u00bb4.23.1&Prime; _module_preset=\u00a0\u00bbdefault\u00a0\u00bb hover_enabled=\u00a0\u00bb0&Prime; global_colors_info=\u00a0\u00bb{}\u00a0\u00bb use_background_color_gradient=\u00a0\u00bbon\u00a0\u00bb background_color_gradient_stops=\u00a0\u00bbrgba(43,135,218,0.32) 0%|rgba(41,196,169,0.13) 100%\u00a0\u00bb sticky_enabled=\u00a0\u00bb0&Prime;][et_pb_row _builder_version=\u00a0\u00bb4.23.1&Prime; _module_preset=\u00a0\u00bbdefault\u00a0\u00bb][et_pb_column _builder_version=\u00a0\u00bb4.23.1&Prime; _module_preset=\u00a0\u00bbdefault\u00a0\u00bb type=\u00a0\u00bb4_4&Prime;][ba_advanced_divider title=\u00a0\u00bbNOS VALEURS\u00a0\u00bb _builder_version=\u00a0\u00bb4.23.1&Prime; _module_preset=\u00a0\u00bbdefault\u00a0\u00bb active_element=\u00a0\u00bbtext\u00a0\u00bb use_shape=\u00a0\u00bbon\u00a0\u00bb shape_width=\u00a0\u00bb664px\u00a0\u00bb hover_enabled=\u00a0\u00bb0&Prime; sticky_enabled=\u00a0\u00bb0&Prime;][\/ba_advanced_divider][\/et_pb_column][\/et_pb_row][et_pb_row column_structure=\u00a0\u00bb1_5,1_5,1_5,1_5,1_5&Prime; make_equal=\u00a0\u00bbon\u00a0\u00bb _builder_version=\u00a0\u00bb4.23.1&Prime; _module_preset=\u00a0\u00bbdefault\u00a0\u00bb max_width=\u00a0\u00bb100%\u00a0\u00bb global_colors_info=\u00a0\u00bb{}\u00a0\u00bb][et_pb_column type=\u00a0\u00bb1_5&Prime; _builder_version=\u00a0\u00bb4.23.1&Prime; _module_preset=\u00a0\u00bbdefault\u00a0\u00bb global_colors_info=\u00a0\u00bb{}\u00a0\u00bb][et_pb_blurb title=\u00a0\u00bbLe respect\u00a0\u00bb image=\u00a0\u00bbhttp:\/\/lespapillonsblancs.fr\/wp-content\/uploads\/2023\/11\/a2a149a1-d99f-47b3-8697-720c0b8fd779_out-544&#215;352.jpg\u00a0\u00bb _builder_version=\u00a0\u00bb4.23.1&Prime; _module_preset=\u00a0\u00bbdefault\u00a0\u00bb hover_enabled=\u00a0\u00bb0&Prime; global_colors_info=\u00a0\u00bb{}\u00a0\u00bb border_color_all=\u00a0\u00bb#0C71C3&Prime; box_shadow_style=\u00a0\u00bbpreset3&Prime; custom_padding=\u00a0\u00bb15px|20px|15px|20px|true|true\u00a0\u00bb header_level=\u00a0\u00bbh2&Prime; header_font=\u00a0\u00bb|||on|||||\u00a0\u00bb body_line_height=\u00a0\u00bb1.4em\u00a0\u00bb border_radii=\u00a0\u00bbon|15px|15px|15px|15px\u00a0\u00bb sticky_enabled=\u00a0\u00bb0&Prime; border_width_bottom_image=\u00a0\u00bb1px\u00a0\u00bb image_icon_custom_margin=\u00a0\u00bb||||false|false\u00a0\u00bb background_color=\u00a0\u00bb#FFFFFF\u00a0\u00bb]<p>Notre association s&rsquo;engage \u00e0 promouvoir une <b>culture du respect mutuel <\/b>en <b>encourageant l&rsquo;\u00e9coute active, la bienveillance, et le respect des droits et des diff\u00e9rences de chaque individu. <\/b>Celle-ci s\u2019adresse \u00e0 l\u2019ensemble des professionnels, des b\u00e9n\u00e9voles, des personnes que nous accompagnons ainsi qu\u2019aux aidants<\/p>[\/et_pb_blurb][\/et_pb_column][et_pb_column type=\u00a0\u00bb1_5&Prime; _builder_version=\u00a0\u00bb4.23.1&Prime; _module_preset=\u00a0\u00bbdefault\u00a0\u00bb global_colors_info=\u00a0\u00bb{}\u00a0\u00bb][et_pb_blurb title=\u00a0\u00bbL\u2019entraide\u00a0\u00bb image=\u00a0\u00bbhttp:\/\/lespapillonsblancs.fr\/wp-content\/uploads\/2023\/11\/c753d504-1b53-4f8a-a4a4-0559ba78685d_out-480&#215;320.jpg\u00a0\u00bb _builder_version=\u00a0\u00bb4.23.1&Prime; _module_preset=\u00a0\u00bbdefault\u00a0\u00bb global_colors_info=\u00a0\u00bb{}\u00a0\u00bb border_color_all=\u00a0\u00bb#0C71C3&Prime; box_shadow_style=\u00a0\u00bbpreset3&Prime; custom_padding=\u00a0\u00bb15px|20px|15px|20px|true|true\u00a0\u00bb header_level=\u00a0\u00bbh2&Prime; header_font=\u00a0\u00bb|||on|||||\u00a0\u00bb body_line_height=\u00a0\u00bb1.4em\u00a0\u00bb border_radii=\u00a0\u00bbon|15px|15px|15px|15px\u00a0\u00bb border_width_bottom_image=\u00a0\u00bb1px\u00a0\u00bb image_icon_custom_margin=\u00a0\u00bb||||false|false\u00a0\u00bb background_color=\u00a0\u00bb#FFFFFF\u00a0\u00bb]<p>Notre association s&rsquo;engage dans une <b>solidarit\u00e9 active<\/b>, unissant tous les acteurs, en favorisant <b>l&rsquo;esprit d&rsquo;\u00e9quipe, la coh\u00e9sion et l&rsquo;entraide<\/b>, \u00e0 travers une <b>communication bienveillante et une \u00e9coute tol\u00e9rante, <\/b>pour partager et apporter soutien \u00e0 \u00ab\u00a0chaque-un(e)\u00a0\u00bb dans une m\u00eame direction.<\/p>[\/et_pb_blurb][\/et_pb_column][et_pb_column type=\u00a0\u00bb1_5&Prime; _builder_version=\u00a0\u00bb4.23.1&Prime; _module_preset=\u00a0\u00bbdefault\u00a0\u00bb global_colors_info=\u00a0\u00bb{}\u00a0\u00bb][et_pb_blurb title=\u00a0\u00bbL\u2019inclusion\u00a0\u00bb image=\u00a0\u00bbhttp:\/\/lespapillonsblancs.fr\/wp-content\/uploads\/2023\/11\/4200b29a-2bbf-4558-878a-f9299cac9b0d_out-672&#215;352-e1701316750755.jpg\u00a0\u00bb _builder_version=\u00a0\u00bb4.23.1&Prime; _module_preset=\u00a0\u00bbdefault\u00a0\u00bb global_colors_info=\u00a0\u00bb{}\u00a0\u00bb title_text=\u00a0\u00bb4200b29a-2bbf-4558-878a-f9299cac9b0d_out-672&#215;352&Prime; sticky_enabled=\u00a0\u00bb0&Prime; border_color_all=\u00a0\u00bb#0C71C3&Prime; box_shadow_style=\u00a0\u00bbpreset3&Prime; custom_padding=\u00a0\u00bb15px|20px|15px|20px|true|true\u00a0\u00bb header_level=\u00a0\u00bbh2&Prime; header_font=\u00a0\u00bb|||on|||||\u00a0\u00bb body_line_height=\u00a0\u00bb1.4em\u00a0\u00bb border_radii=\u00a0\u00bbon|15px|15px|15px|15px\u00a0\u00bb border_width_bottom_image=\u00a0\u00bb1px\u00a0\u00bb image_icon_custom_margin=\u00a0\u00bb||||false|false\u00a0\u00bb background_color=\u00a0\u00bb#FFFFFF\u00a0\u00bb]<p>Notre association s\u2019engage \u00e0 <b>promouvoir l\u2019inclusion <\/b>dans une soci\u00e9t\u00e9 o\u00f9 chaque individu peut vivre pleinement.<\/p>\n<p>Nous croyons fermement en l&rsquo;id\u00e9e que chaque personne m\u00e9rite d&rsquo;\u00eatre int\u00e9gr\u00e9e et respect\u00e9e, ind\u00e9pendamment de ses diff\u00e9rences.<\/p>[\/et_pb_blurb][\/et_pb_column][et_pb_column type=\u00a0\u00bb1_5&Prime; _builder_version=\u00a0\u00bb4.23.1&Prime; _module_preset=\u00a0\u00bbdefault\u00a0\u00bb global_colors_info=\u00a0\u00bb{}\u00a0\u00bb][et_pb_blurb title=\u00a0\u00bbL\u2019engagement\u00a0\u00bb image=\u00a0\u00bbhttp:\/\/lespapillonsblancs.fr\/wp-content\/uploads\/2023\/11\/e93ca52a-6905-472d-ab89-df15bb8066d6_out-560&#215;336-e1701316651268.jpg\u00a0\u00bb _builder_version=\u00a0\u00bb4.23.1&Prime; _module_preset=\u00a0\u00bbdefault\u00a0\u00bb global_colors_info=\u00a0\u00bb{}\u00a0\u00bb title_text=\u00a0\u00bbe93ca52a-6905-472d-ab89-df15bb8066d6_out-560&#215;336&Prime; sticky_enabled=\u00a0\u00bb0&Prime; border_color_all=\u00a0\u00bb#0C71C3&Prime; box_shadow_style=\u00a0\u00bbpreset3&Prime; custom_padding=\u00a0\u00bb15px|20px|15px|20px|true|true\u00a0\u00bb header_level=\u00a0\u00bbh2&Prime; header_font=\u00a0\u00bb|||on|||||\u00a0\u00bb body_line_height=\u00a0\u00bb1.4em\u00a0\u00bb border_radii=\u00a0\u00bbon|15px|15px|15px|15px\u00a0\u00bb border_width_bottom_image=\u00a0\u00bb1px\u00a0\u00bb image_icon_custom_margin=\u00a0\u00bb||||false|false\u00a0\u00bb background_color=\u00a0\u00bb#FFFFFF\u00a0\u00bb]<p>Notre association s&rsquo;engage \u00e0 \u00eatre fid\u00e8le \u00e0 ses convictions, en favorisant <b>\u00ab\u00a0l\u2019autod\u00e9termination\u00a0\u00bb et la \u00ab\u00a0pair-aidance \u00bb <\/b>des personnes accompagn\u00e9es.<\/p>\n<p>Nous soutenons \u00e9galement les professionnels, pour impulser et mener des projets innovants et favoriser le bien-\u00eatre de tous.<\/p>[\/et_pb_blurb][\/et_pb_column][et_pb_column type=\u00a0\u00bb1_5&Prime; _builder_version=\u00a0\u00bb4.23.1&Prime; _module_preset=\u00a0\u00bbdefault\u00a0\u00bb global_colors_info=\u00a0\u00bb{}\u00a0\u00bb][et_pb_blurb title=\u00a0\u00bbL\u2019\u00e9thique\u00a0\u00bb image=\u00a0\u00bbhttp:\/\/lespapillonsblancs.fr\/wp-content\/uploads\/2023\/11\/65815185-ce8a-4f0b-a43b-ac24a463c9c8_out-560&#215;368.jpg\u00a0\u00bb _builder_version=\u00a0\u00bb4.23.1&Prime; _module_preset=\u00a0\u00bbdefault\u00a0\u00bb global_colors_info=\u00a0\u00bb{}\u00a0\u00bb sticky_enabled=\u00a0\u00bb0&Prime; border_color_all=\u00a0\u00bb#0C71C3&Prime; box_shadow_style=\u00a0\u00bbpreset3&Prime; custom_padding=\u00a0\u00bb15px|20px|15px|20px|true|true\u00a0\u00bb header_level=\u00a0\u00bbh2&Prime; header_font=\u00a0\u00bb|||on|||||\u00a0\u00bb body_line_height=\u00a0\u00bb1.4em\u00a0\u00bb border_radii=\u00a0\u00bbon|15px|15px|15px|15px\u00a0\u00bb border_width_bottom_image=\u00a0\u00bb1px\u00a0\u00bb image_icon_custom_margin=\u00a0\u00bb||||false|false\u00a0\u00bb background_color=\u00a0\u00bb#FFFFFF\u00a0\u00bb]<p>Notre association s\u2019engage \u00e0 s\u2019adapter et \u00e0 <b>respecter la singularit\u00e9 de \u00ab\u00a0chaque \u2013un(e)\u00bb. <\/b><\/p>\n<p>C\u2019est <b>\u00e9couter sans juger, accueillir l\u2019autre et respecter sa libert\u00e9 de penser et d\u2019agir. <\/b>C\u2019est aussi reconna\u00eetre que la diff\u00e9rence est une richesse et que \u00ab\u00a0chaque-un(e)\u00a0\u00bb est digne d\u2019\u00eatre diff\u00e9rent<\/p>[\/et_pb_blurb][\/et_pb_column][\/et_pb_row][\/et_pb_section][et_pb_section fb_built=\u00a0\u00bb1&Prime; theme_builder_area=\u00a0\u00bbpost_content\u00a0\u00bb _builder_version=\u00a0\u00bb4.23.1&Prime; _module_preset=\u00a0\u00bbdefault\u00a0\u00bb top_divider_style=\u00a0\u00bbwave2&Prime; top_divider_height=\u00a0\u00bb106px\u00a0\u00bb top_divider_arrangement=\u00a0\u00bbabove_content\u00a0\u00bb custom_padding=\u00a0\u00bb75px||||false|false\u00a0\u00bb top_divider_color=\u00a0\u00bbrgba(86,191,185,0.09)\u00a0\u00bb hover_enabled=\u00a0\u00bb0&Prime; sticky_enabled=\u00a0\u00bb0&Prime;][et_pb_row _builder_version=\u00a0\u00bb4.23.1&Prime; _module_preset=\u00a0\u00bbdefault\u00a0\u00bb column_structure=\u00a0\u00bb1_2,1_2&Prime; theme_builder_area=\u00a0\u00bbpost_content\u00a0\u00bb][et_pb_column _builder_version=\u00a0\u00bb4.23.1&Prime; _module_preset=\u00a0\u00bbdefault\u00a0\u00bb type=\u00a0\u00bb1_2&Prime; theme_builder_area=\u00a0\u00bbpost_content\u00a0\u00bb][et_pb_blurb title=\u00a0\u00bbLa bientraitance comme pilier de notre accompagnement\u00a0\u00bb image=\u00a0\u00bbhttp:\/\/lespapillonsblancs.fr\/wp-content\/uploads\/2023\/11\/a72e1271-7baf-45d3-9b85-aafa8a475f8d_out-1120&#215;704.jpg\u00a0\u00bb _builder_version=\u00a0\u00bb4.23.1&Prime; _module_preset=\u00a0\u00bbdefault\u00a0\u00bb theme_builder_area=\u00a0\u00bbpost_content\u00a0\u00bb title_text=\u00a0\u00bbune-place-pour-chacun\u00a0\u00bb hover_enabled=\u00a0\u00bb0&Prime; sticky_enabled=\u00a0\u00bb0&Prime; header_level=\u00a0\u00bbh2&Prime; header_font=\u00a0\u00bb||||||||\u00a0\u00bb]Nous croyons en un monde o\u00f9 chaque individu est respect\u00e9, valoris\u00e9 et soutenu dans sa qu\u00eate de bien-\u00eatre et d&rsquo;\u00e9panouissement. Chez Les papillons blancs des vall\u00e9es, la bientraitance est le pilier fondamental de notre approche d&rsquo;accompagnement. Nous sommes fermement convaincus que la bientraitance ne doit pas rester un simple concept, mais plut\u00f4t une philosophie de vie qui se concr\u00e9tise au quotidien. Nous mettons un point d&rsquo;honneur \u00e0 pratiquer la bientraitance, car nous sommes conscients de son impact profond sur la vie et le bien-\u00eatre de chaque personne que nous accompagnons. Ainsi, notre mission est de veiller \u00e0 ce que chacun trouve sa place dans notre soci\u00e9t\u00e9, en b\u00e9n\u00e9ficiant d&rsquo;un soutien personnalis\u00e9 et respectueux tout au long de son parcours.[\/et_pb_blurb][\/et_pb_column][et_pb_column _builder_version=\u00a0\u00bb4.23.1&Prime; _module_preset=\u00a0\u00bbdefault\u00a0\u00bb type=\u00a0\u00bb1_2&Prime; theme_builder_area=\u00a0\u00bbpost_content\u00a0\u00bb][et_pb_image src=\u00a0\u00bbhttp:\/\/lespapillonsblancs.fr\/wp-content\/uploads\/2023\/11\/Bientraitance.png\u00a0\u00bb _builder_version=\u00a0\u00bb4.23.1&Prime; _module_preset=\u00a0\u00bbdefault\u00a0\u00bb theme_builder_area=\u00a0\u00bbpost_content\u00a0\u00bb title_text=\u00a0\u00bbBientraitance\u00a0\u00bb hover_enabled=\u00a0\u00bb0&Prime; sticky_enabled=\u00a0\u00bb0&Prime; width=\u00a0\u00bb74%\u00a0\u00bb][\/et_pb_image][\/et_pb_column][\/et_pb_row][\/et_pb_section]\n","protected":false},"excerpt":{"rendered":"<p>Depuis pr\u00e8s de 50 ans, les Papillons Blancs des Vall\u00e9es, est une association qui s&rsquo;engage \u00e0 fournir un soutien et une assistance aux personnes en situation de handicap. Notre mission consiste \u00e0 les accompagner dans l&rsquo;exploitation de leur plein potentiel et \u00e0 les encourager \u00e0 participer activement \u00e0 la soci\u00e9t\u00e9. Nous sommes d\u00e9vou\u00e9s \u00e0 aider [&hellip;]<\/p>\n","protected":false},"author":2,"featured_media":0,"parent":0,"menu_order":0,"comment_status":"closed","ping_status":"closed","template":"","meta":{"_et_pb_use_builder":"on","_et_pb_old_content":"","_et_gb_content_width":"","footnotes":""},"class_list":["post-276","page","type-page","status-publish","hentry"],"_links":{"self":[{"href":"https:\/\/lespapillonsblancs.fr\/index.php\/wp-json\/wp\/v2\/pages\/276","targetHints":{"allow":["GET"]}}],"collection":[{"href":"https:\/\/lespapillonsblancs.fr\/index.php\/wp-json\/wp\/v2\/pages"}],"about":[{"href":"https:\/\/lespapillonsblancs.fr\/index.php\/wp-json\/wp\/v2\/types\/page"}],"author":[{"embeddable":true,"href":"https:\/\/lespapillonsblancs.fr\/index.php\/wp-json\/wp\/v2\/users\/2"}],"replies":[{"embeddable":true,"href":"https:\/\/lespapillonsblancs.fr\/index.php\/wp-json\/wp\/v2\/comments?post=276"}],"version-history":[{"count":9,"href":"https:\/\/lespapillonsblancs.fr\/index.php\/wp-json\/wp\/v2\/pages\/276\/revisions"}],"predecessor-version":[{"id":250017,"href":"https:\/\/lespapillonsblancs.fr\/index.php\/wp-json\/wp\/v2\/pages\/276\/revisions\/250017"}],"wp:attachment":[{"href":"https:\/\/lespapillonsblancs.fr\/index.php\/wp-json\/wp\/v2\/media?parent=276"}],"curies":[{"name":"wp","href":"https:\/\/api.w.org\/{rel}","templated":true}]}}