{"id":250019,"date":"2023-11-30T07:42:32","date_gmt":"2023-11-30T06:42:32","guid":{"rendered":"https:\/\/lespapillonsblancs.fr\/?page_id=250019"},"modified":"2023-11-30T11:26:06","modified_gmt":"2023-11-30T10:26:06","slug":"250019-2","status":"publish","type":"page","link":"https:\/\/lespapillonsblancs.fr\/index.php\/250019-2\/","title":{"rendered":"Etablissements et services"},"content":{"rendered":"<p>[et_pb_section fb_built=\u00a0\u00bb1&Prime; next_background_color=\u00a0\u00bb#ffffff\u00a0\u00bb _builder_version=\u00a0\u00bb4.23.1&Prime; _module_preset=\u00a0\u00bbdefault\u00a0\u00bb use_background_color_gradient=\u00a0\u00bbon\u00a0\u00bb background_image=\u00a0\u00bbhttp:\/\/lespapillonsblancs.fr\/wp-content\/uploads\/2023\/11\/quatre-saisons.jpg\u00a0\u00bb background_blend=\u00a0\u00bbsoft-light\u00a0\u00bb bottom_divider_style=\u00a0\u00bbwaves2&Prime; bottom_divider_height=\u00a0\u00bb72px\u00a0\u00bb bottom_divider_repeat=\u00a0\u00bb1x\u00a0\u00bb global_colors_info=\u00a0\u00bb{}\u00a0\u00bb][et_pb_row _builder_version=\u00a0\u00bb4.23.1&Prime; _module_preset=\u00a0\u00bbdefault\u00a0\u00bb background_color=\u00a0\u00bbRGBA(255,255,255,0)\u00a0\u00bb custom_margin=\u00a0\u00bb||20px||false|false\u00a0\u00bb global_colors_info=\u00a0\u00bb{}\u00a0\u00bb][et_pb_column type=\u00a0\u00bb4_4&Prime; _builder_version=\u00a0\u00bb4.23.1&Prime; _module_preset=\u00a0\u00bbdefault\u00a0\u00bb global_colors_info=\u00a0\u00bb{}\u00a0\u00bb][et_pb_cta title=\u00a0\u00bbEtablissements, service et chiffres cl\u00e9s\u00a0\u00bb button_text=\u00a0\u00bbClics\u00a0\u00bb _builder_version=\u00a0\u00bb4.23.1&Prime; _module_preset=\u00a0\u00bbdefault\u00a0\u00bb header_level=\u00a0\u00bbh1&Prime; body_line_height=\u00a0\u00bb1.9em\u00a0\u00bb use_background_color=\u00a0\u00bboff\u00a0\u00bb global_colors_info=\u00a0\u00bb{}\u00a0\u00bb]<\/p>\n<p><span style=\"font-size: large;\">Les papillons blancs des vall\u00e9es est une organisation qui r\u00e9unit tous ses \u00e9tablissements et services <br \/>sur le site \u00abLes Quatre Saisons\u00bb, situ\u00e9 \u00e0 Foucarmont dans le Nord-Est du d\u00e9partement de la Seine-Maritime.<br \/>Nich\u00e9 au c\u0153ur de la campagne, cet endroit paisible offre un cadre de vie agr\u00e9able <br \/>tant pour les personnes accompagn\u00e9es que pour les professionnels.<\/span><\/p>\n<p>[\/et_pb_cta][\/et_pb_column][\/et_pb_row][\/et_pb_section][et_pb_section fb_built=\u00a0\u00bb1&Prime; _builder_version=\u00a0\u00bb4.23.1&Prime; _module_preset=\u00a0\u00bbdefault\u00a0\u00bb use_background_color_gradient=\u00a0\u00bbon\u00a0\u00bb background_color_gradient_stops=\u00a0\u00bbrgba(255,255,255,0) 0%|#8dbfeb 100%\u00a0\u00bb global_colors_info=\u00a0\u00bb{}\u00a0\u00bb][et_pb_row _builder_version=\u00a0\u00bb4.23.1&Prime; _module_preset=\u00a0\u00bbdefault\u00a0\u00bb global_colors_info=\u00a0\u00bb{}\u00a0\u00bb][et_pb_column type=\u00a0\u00bb4_4&Prime; _builder_version=\u00a0\u00bb4.23.1&Prime; _module_preset=\u00a0\u00bbdefault\u00a0\u00bb global_colors_info=\u00a0\u00bb{}\u00a0\u00bb][ba_advanced_divider active_element=\u00a0\u00bbtext\u00a0\u00bb title=\u00a0\u00bbNOS \u00e9tablissements\u00a0\u00bb use_shape=\u00a0\u00bbon\u00a0\u00bb shape_width=\u00a0\u00bb664px\u00a0\u00bb _builder_version=\u00a0\u00bb4.23.1&Prime; _module_preset=\u00a0\u00bbdefault\u00a0\u00bb title_font=\u00a0\u00bb|||on|||||\u00a0\u00bb global_colors_info=\u00a0\u00bb{}\u00a0\u00bb][\/ba_advanced_divider][\/et_pb_column][\/et_pb_row][et_pb_row column_structure=\u00a0\u00bb1_2,1_2&Prime; _builder_version=\u00a0\u00bb4.23.1&Prime; _module_preset=\u00a0\u00bbdefault\u00a0\u00bb global_colors_info=\u00a0\u00bb{}\u00a0\u00bb][et_pb_column type=\u00a0\u00bb1_2&Prime; _builder_version=\u00a0\u00bb4.23.1&Prime; _module_preset=\u00a0\u00bbdefault\u00a0\u00bb global_colors_info=\u00a0\u00bb{}\u00a0\u00bb][et_pb_image src=\u00a0\u00bbhttp:\/\/lespapillonsblancs.fr\/wp-content\/uploads\/2023\/11\/2-d59f56b6-bafe-4b88-9a10-b430d3a71101-672&#215;1024.jpg\u00a0\u00bb title_text=\u00a0\u00bbA-METTRE-SUR-REF-SITE-3&Prime; _builder_version=\u00a0\u00bb4.23.1&Prime; _module_preset=\u00a0\u00bbdefault\u00a0\u00bb global_colors_info=\u00a0\u00bb{}\u00a0\u00bb][\/et_pb_image][\/et_pb_column][et_pb_column type=\u00a0\u00bb1_2&Prime; _builder_version=\u00a0\u00bb4.23.1&Prime; _module_preset=\u00a0\u00bbdefault\u00a0\u00bb global_colors_info=\u00a0\u00bb{}\u00a0\u00bb][et_pb_text _builder_version=\u00a0\u00bb4.23.1&Prime; _module_preset=\u00a0\u00bbdefault\u00a0\u00bb global_colors_info=\u00a0\u00bb{}\u00a0\u00bb]<\/p>\n<h3>FAM : Foyer d&rsquo;accueil m\u00e9dicalis\u00e9<\/h3>\n<p><span><\/span><\/p>\n<p><span>Les\u00a0<\/span><b>Foyers d\u2019Accueil M\u00e9dicalis\u00e9s (FAM)<\/b><span> ont pour mission\u00a0d\u2019accueillir des\u00a0<\/span><b>personnes handicap\u00e9es physiques, mentales (d\u00e9ficients intellectuels ou malades mentaux handicap\u00e9s) ou atteintes de handicaps associ\u00e9s<\/b><span>. L&rsquo;\u00e9tat de d\u00e9pendance totale ou partielle des personnes accueillies en FAM les rend inaptes \u00e0 toute activit\u00e9 professionnelle et n\u00e9cessite l\u2019assistance d\u2019une tierce personne pour effectuer la plupart des actes essentiels de la vie courante ainsi qu\u2019une surveillance m\u00e9dicale et des soins constants. Il s\u2019agit donc \u00e0 la fois de structures occupationnelles et de structures de soins.<\/span><\/p>\n<p>Les FAM ont \u00e9t\u00e9 mis en place par<span>\u00a0<\/span><a href=\"http:\/\/admi.net\/jo\/circ86-6cotorep.html\" target=\"document\" rel=\"noopener\">la circulaire n\u00b086-6 du 14 f\u00e9vrier 1986<\/a>. Cette circulaire fixe leurs missions et conf\u00e8re une importance particuli\u00e8re \u00e0 leur implantation, celle-ci devant permettre une ouverture \u00e0 la vie sociale. La<span>\u00a0<\/span><a href=\"http:\/\/www.sante.gouv.fr\/fichiers\/bo\/2002\/02-01\/a0010066.htm\" target=\"document\" rel=\"noopener\">loi n\u00b02002-2 du 2 janvier 2002<\/a><span>\u00a0<\/span>leur a attribu\u00e9 une v\u00e9ritable existence juridique, en les ins\u00e9rant dans la typologie des \u00e9tablissements et services sociaux et m\u00e9dico-sociaux. Au d\u00e9part, les Foyers d\u2019Accueil M\u00e9dicalis\u00e9s (FAM) devaient constituer des structures de prises en charge exp\u00e9rimentales, ayant notamment pour objectif de compl\u00e9ter les solutions d\u00e9j\u00e0 existantes (les Maisons d\u2019Accueil Sp\u00e9cialis\u00e9es (MAS) et les foyers de vie ou foyers occupationnels).<\/p>\n<p>Les FAM ob\u00e9issent \u00e0 des r\u00e8gles de<span>\u00a0<\/span><b>double tarification<\/b><span>\u00a0<\/span>:<span>\u00a0<\/span><b>un tarif pour les prestations de soins et un tarif couvrant les frais d\u2019h\u00e9bergement<\/b>, d\u2019o\u00f9 leur ancienne appellation de \u00ab foyers \u00e0 double tarification \u00bb.<\/p>\n<p>L&rsquo;<b>assurance maladie<\/b><span>\u00a0<\/span>finance de mani\u00e8re forfaitaire l&rsquo;ensemble des d\u00e9penses aff\u00e9rentes aux soins, aux personnels m\u00e9dicaux et param\u00e9dicaux,<\/p>\n<p>L&rsquo;<b>aide sociale d\u00e9partementale<\/b><span>\u00a0<\/span>(conseil g\u00e9n\u00e9ral) finance l&rsquo;h\u00e9bergement et l&rsquo;animation.<\/p>\n<p>[\/et_pb_text][\/et_pb_column][\/et_pb_row][\/et_pb_section][et_pb_section fb_built=\u00a0\u00bb1&Prime; _builder_version=\u00a0\u00bb4.23.1&Prime; _module_preset=\u00a0\u00bbdefault\u00a0\u00bb use_background_color_gradient=\u00a0\u00bbon\u00a0\u00bb background_color_gradient_stops=\u00a0\u00bbrgba(43,135,218,0.32) 0%|rgba(41,196,169,0.13) 100%\u00a0\u00bb top_divider_style=\u00a0\u00bbwaves2&Prime; top_divider_color=\u00a0\u00bbrgba(43,135,218,0.32)\u00a0\u00bb top_divider_height=\u00a0\u00bb106px\u00a0\u00bb top_divider_arrangement=\u00a0\u00bbabove_content\u00a0\u00bb global_colors_info=\u00a0\u00bb{}\u00a0\u00bb][et_pb_row column_structure=\u00a0\u00bb1_2,1_2&Prime; _builder_version=\u00a0\u00bb4.23.1&Prime; _module_preset=\u00a0\u00bbdefault\u00a0\u00bb global_colors_info=\u00a0\u00bb{}\u00a0\u00bb][et_pb_column type=\u00a0\u00bb1_2&Prime; _builder_version=\u00a0\u00bb4.23.1&Prime; _module_preset=\u00a0\u00bbdefault\u00a0\u00bb global_colors_info=\u00a0\u00bb{}\u00a0\u00bb][et_pb_text _builder_version=\u00a0\u00bb4.23.1&Prime; _module_preset=\u00a0\u00bbdefault\u00a0\u00bb global_colors_info=\u00a0\u00bb{}\u00a0\u00bb]<\/p>\n<h3>FDV :\u00a0Foyer de vie<\/h3>\n<p>&nbsp;<\/p>\n<p>Les<span>\u00a0<\/span><b>Foyers de Vie<\/b>, encore souvent appel\u00e9s \u00ab\u00a0foyers occupationnels\u00a0\u00bb, offrent un environnement de soins m\u00e9dicaux et sociaux pour les adultes handicap\u00e9s qui ont une certaine autonomie, mais ne sont pas en mesure d&rsquo;exercer une activit\u00e9 professionnelle, y compris en milieu prot\u00e9g\u00e9 (structure sp\u00e9cialis\u00e9e) . La plupart des foyers de vie sont des internats au contraire des foyers occupationnels sont des structures d&rsquo;accueil de jour.<\/p>\n<p>Le but des foyers de vie est de d\u00e9velopper ou maintenir l&rsquo;autonomie des r\u00e9sidents en les impliquant dans des activit\u00e9s quotidiennes vari\u00e9es qui sont adapt\u00e9es \u00e0 leurs capacit\u00e9s. Les activit\u00e9s propos\u00e9es peuvent inclure des travaux manuels tels que la peinture ou la sculpture, des activit\u00e9s physiques comme la gymnastique et la danse, des activit\u00e9s d&rsquo;expression corporelle, ainsi que des activit\u00e9s d&rsquo;ergoth\u00e9rapie. Le but est de stimuler leur capacit\u00e9s et leur autonomie tout en pr\u00e9venant tout recul dans leur condition.<\/p>\n<p>Les frais d&rsquo;h\u00e9bergement sont principalement support\u00e9s par la personne h\u00e9berg\u00e9e, mais un plafond est mis en place pour garantir qu&rsquo;elle conserve un minimum de moyens financiers. Ce plafond est calcul\u00e9 en fonction des ressources du r\u00e9sident pour assurer un \u00e9quilibre entre les co\u00fbts d&rsquo;h\u00e9bergement et le maintien d&rsquo;une certaine qualit\u00e9 de vie. Le surplus des frais d&rsquo;h\u00e9bergement et d&rsquo;entretien sont pris en charge par l&rsquo;aide sociale du d\u00e9partement, garantissant ainsi un environnement de soins de qualit\u00e9 pour les r\u00e9sidents.<\/p>\n<p>Les r\u00e9sidents des Foyers de Vie sont moins d\u00e9pendants que ceux des Maisons d&rsquo;accueil sp\u00e9cialis\u00e9es (MAS) ou des foyers d&rsquo;accueil m\u00e9dicalis\u00e9 (FAM).<\/p>\n<p>[\/et_pb_text][\/et_pb_column][et_pb_column type=\u00a0\u00bb1_2&Prime; _builder_version=\u00a0\u00bb4.23.1&Prime; _module_preset=\u00a0\u00bbdefault\u00a0\u00bb global_colors_info=\u00a0\u00bb{}\u00a0\u00bb][et_pb_image src=\u00a0\u00bbhttp:\/\/lespapillonsblancs.fr\/wp-content\/uploads\/2023\/11\/2-d59f56b6-bafe-4b88-9a10-b430d3a71101-672&#215;1024.jpg\u00a0\u00bb title_text=\u00a0\u00bbA-METTRE-SUR-REF-SITE-3&Prime; _builder_version=\u00a0\u00bb4.23.1&Prime; _module_preset=\u00a0\u00bbdefault\u00a0\u00bb global_colors_info=\u00a0\u00bb{}\u00a0\u00bb][\/et_pb_image][\/et_pb_column][\/et_pb_row][\/et_pb_section][et_pb_section fb_built=\u00a0\u00bb1&Prime; _builder_version=\u00a0\u00bb4.23.1&Prime; _module_preset=\u00a0\u00bbdefault\u00a0\u00bb custom_padding=\u00a0\u00bb75px||||false|false\u00a0\u00bb top_divider_style=\u00a0\u00bbwave2&Prime; top_divider_color=\u00a0\u00bbrgba(86,191,185,0.09)\u00a0\u00bb top_divider_height=\u00a0\u00bb106px\u00a0\u00bb top_divider_arrangement=\u00a0\u00bbabove_content\u00a0\u00bb global_colors_info=\u00a0\u00bb{}\u00a0\u00bb][et_pb_row column_structure=\u00a0\u00bb1_2,1_2&Prime; _builder_version=\u00a0\u00bb4.23.1&Prime; _module_preset=\u00a0\u00bbdefault\u00a0\u00bb global_colors_info=\u00a0\u00bb{}\u00a0\u00bb][et_pb_column type=\u00a0\u00bb1_2&Prime; _builder_version=\u00a0\u00bb4.23.1&Prime; _module_preset=\u00a0\u00bbdefault\u00a0\u00bb global_colors_info=\u00a0\u00bb{}\u00a0\u00bb][et_pb_image src=\u00a0\u00bbhttp:\/\/lespapillonsblancs.fr\/wp-content\/uploads\/2023\/11\/2-d59f56b6-bafe-4b88-9a10-b430d3a71101-672&#215;1024.jpg\u00a0\u00bb title_text=\u00a0\u00bbA-METTRE-SUR-REF-SITE-3&Prime; _builder_version=\u00a0\u00bb4.23.1&Prime; _module_preset=\u00a0\u00bbdefault\u00a0\u00bb global_colors_info=\u00a0\u00bb{}\u00a0\u00bb][\/et_pb_image][\/et_pb_column][et_pb_column type=\u00a0\u00bb1_2&Prime; _builder_version=\u00a0\u00bb4.23.1&Prime; _module_preset=\u00a0\u00bbdefault\u00a0\u00bb global_colors_info=\u00a0\u00bb{}\u00a0\u00bb][et_pb_text _builder_version=\u00a0\u00bb4.23.1&Prime; _module_preset=\u00a0\u00bbdefault\u00a0\u00bb global_colors_info=\u00a0\u00bb{}\u00a0\u00bb]<\/p>\n<h2>Le CAJ : Centre d\u2019Accueil de Jour<\/h2>\n<p><span><\/span><\/p>\n<p><span><\/span><\/p>\n<p>Le centre accueille des personnes en situation de handicap n\u2019ayant pas d\u2019orientation en<span>\u00a0<\/span>MAS<span>\u00a0<\/span>ou en<span>\u00a0<\/span>ESAT<\/a><span>\u00a0<\/span>ou dont le temps de travail a \u00e9t\u00e9 r\u00e9duit du fait de difficult\u00e9s li\u00e9es au vieillissement, b\u00e9n\u00e9ficiant d&rsquo;une orientation en foyer de vie de la<span>\u00a0<\/span>MDPH<span>\u00a0<\/span>et qui ne souhaitent pas \u00eatre accueillies en foyer de vie en internat.<\/p>\n<p>La capacit\u00e9 du CAJ de Foucarmont est de 11 places. L\u2019\u00e9quipe est compos\u00e9e de 3 professionnels.<\/p>\n<h3>Les missions du CAJ<\/h3>\n<ul>\n<li><strong>Proposer des activit\u00e9s diversifi\u00e9es comme support \u00e0 la relation<\/strong><\/li>\n<li><strong>Accompagner l\u2019adulte handicap\u00e9 dans les actes de la vie quotidienne et dans les actes concourant \u00e0 son int\u00e9gration sociale<\/strong><\/li>\n<li><strong>Assurer la s\u00e9curit\u00e9 physique et morale<\/strong><\/li>\n<li><b>Veiller \u00e0 la mise en \u0153uvre\u00a0des projets personnalis\u00e9s et des projets d\u2019activit\u00e9s, dans le respect du projet de l\u2019\u00e9tablissement<\/b><\/li>\n<\/ul>\n<p>&nbsp;<\/p>\n<p>Cet accompagnement s\u2019inscrit dans le cadre d\u2019un projet d&rsquo;accueil et d&rsquo;accompagnement individualis\u00e9, \u00e9labor\u00e9 et conduit avec la participation de la personne, assist\u00e9e en cas de besoin par son repr\u00e9sentant l\u00e9gal.[\/et_pb_text][\/et_pb_column][\/et_pb_row][\/et_pb_section][et_pb_section fb_built=\u00a0\u00bb1&Prime; _builder_version=\u00a0\u00bb4.23.1&Prime; _module_preset=\u00a0\u00bbdefault\u00a0\u00bb background_enable_image=\u00a0\u00bboff\u00a0\u00bb background_size=\u00a0\u00bbcontain\u00a0\u00bb background_position=\u00a0\u00bbcenter_right\u00a0\u00bb global_colors_info=\u00a0\u00bb{}\u00a0\u00bb][et_pb_row column_structure=\u00a0\u00bb1_2,1_2&Prime; _builder_version=\u00a0\u00bb4.23.1&Prime; _module_preset=\u00a0\u00bbdefault\u00a0\u00bb global_colors_info=\u00a0\u00bb{}\u00a0\u00bb][et_pb_column type=\u00a0\u00bb1_2&Prime; _builder_version=\u00a0\u00bb4.23.1&Prime; _module_preset=\u00a0\u00bbdefault\u00a0\u00bb global_colors_info=\u00a0\u00bb{}\u00a0\u00bb][et_pb_number_counter title=\u00a0\u00bbpersonnes accompagn\u00e9es\u00a0\u00bb number=\u00a0\u00bb100&Prime; percent_sign=\u00a0\u00bboff\u00a0\u00bb _builder_version=\u00a0\u00bb4.23.1&Prime; _module_preset=\u00a0\u00bbdefault\u00a0\u00bb title_font=\u00a0\u00bb|600||on|||||\u00a0\u00bb title_font_size=\u00a0\u00bb18px\u00a0\u00bb number_font=\u00a0\u00bb||||||||\u00a0\u00bb number_font_size=\u00a0\u00bb140px\u00a0\u00bb number_line_height=\u00a0\u00bb40px\u00a0\u00bb custom_margin=\u00a0\u00bb20px||16px||false|false\u00a0\u00bb number_text_shadow_style=\u00a0\u00bbpreset1&Prime; global_colors_info=\u00a0\u00bb{}\u00a0\u00bb][\/et_pb_number_counter][ba_number use_counter=\u00a0\u00bbon\u00a0\u00bb title=\u00a0\u00bbL\u2019association, c\u2019est plus de 100 personnes accompagn\u00e9es en 2023, soit : \u00a0\u00bb number_alignment=\u00a0\u00bbcenter\u00a0\u00bb number_bg_color=\u00a0\u00bb#63b9f2&Prime; _builder_version=\u00a0\u00bb4.23.1&Prime; _module_preset=\u00a0\u00bbdefault\u00a0\u00bb number_text_color=\u00a0\u00bb#FFFFFF\u00a0\u00bb number_font_size=\u00a0\u00bb40px\u00a0\u00bb title_text_align=\u00a0\u00bbcenter\u00a0\u00bb number_text_shadow_style=\u00a0\u00bbpreset1&Prime; border_radii_number=\u00a0\u00bbon|75px|75px|75px|75px\u00a0\u00bb box_shadow_style_number=\u00a0\u00bbpreset3&Prime; global_colors_info=\u00a0\u00bb{}\u00a0\u00bb][\/ba_number][\/et_pb_column][et_pb_column type=\u00a0\u00bb1_2&Prime; _builder_version=\u00a0\u00bb4.23.1&Prime; _module_preset=\u00a0\u00bbdefault\u00a0\u00bb global_colors_info=\u00a0\u00bb{}\u00a0\u00bb][et_pb_counters _builder_version=\u00a0\u00bb4.23.1&Prime; _module_preset=\u00a0\u00bbdefault\u00a0\u00bb min_height=\u00a0\u00bb208.5px\u00a0\u00bb custom_margin=\u00a0\u00bb7px|||||\u00a0\u00bb global_colors_info=\u00a0\u00bb{}\u00a0\u00bb][et_pb_counter percent=\u00a0\u00bb21&Prime; _builder_version=\u00a0\u00bb4.23.1&Prime; _module_preset=\u00a0\u00bbdefault\u00a0\u00bb global_colors_info=\u00a0\u00bb{}\u00a0\u00bb bar_background_color_default=\u00a0\u00bb#63b9f2&Prime; use_percentages=\u00a0\u00bbon\u00a0\u00bb]21 en SAVS[\/et_pb_counter][et_pb_counter percent=\u00a0\u00bb39&Prime; _builder_version=\u00a0\u00bb4.23.1&Prime; _module_preset=\u00a0\u00bbdefault\u00a0\u00bb global_colors_info=\u00a0\u00bb{}\u00a0\u00bb bar_background_color_default=\u00a0\u00bb#63b9f2&Prime; use_percentages=\u00a0\u00bbon\u00a0\u00bb]39 en Foyer de vie avec h\u00e9bergement[\/et_pb_counter][et_pb_counter percent=\u00a0\u00bb12&Prime; _builder_version=\u00a0\u00bb4.23.1&Prime; _module_preset=\u00a0\u00bbdefault\u00a0\u00bb global_colors_info=\u00a0\u00bb{}\u00a0\u00bb bar_background_color_default=\u00a0\u00bb#63b9f2&Prime; use_percentages=\u00a0\u00bbon\u00a0\u00bb]12 en Foyer d\u2019Accueil M\u00e9dicalis\u00e9[\/et_pb_counter][et_pb_counter percent=\u00a0\u00bb38&Prime; _builder_version=\u00a0\u00bb4.23.1&Prime; _module_preset=\u00a0\u00bbdefault\u00a0\u00bb global_colors_info=\u00a0\u00bb{}\u00a0\u00bb bar_background_color_default=\u00a0\u00bb#63b9f2&Prime; use_percentages=\u00a0\u00bbon\u00a0\u00bb]38 en Centre d\u2019Accueil de Jour[\/et_pb_counter][\/et_pb_counters][\/et_pb_column][\/et_pb_row][\/et_pb_section][et_pb_section fb_built=\u00a0\u00bb1&Prime; _builder_version=\u00a0\u00bb4.23.1&Prime; _module_preset=\u00a0\u00bbdefault\u00a0\u00bb custom_padding=\u00a0\u00bb3px|||||\u00a0\u00bb global_colors_info=\u00a0\u00bb{}\u00a0\u00bb][et_pb_row column_structure=\u00a0\u00bb1_4,1_4,1_4,1_4&Prime; _builder_version=\u00a0\u00bb4.23.1&Prime; _module_preset=\u00a0\u00bbdefault\u00a0\u00bb global_colors_info=\u00a0\u00bb{}\u00a0\u00bb][et_pb_column type=\u00a0\u00bb1_4&Prime; _builder_version=\u00a0\u00bb4.23.1&Prime; _module_preset=\u00a0\u00bbdefault\u00a0\u00bb global_colors_info=\u00a0\u00bb{}\u00a0\u00bb][et_pb_number_counter title=\u00a0\u00bbfamilles adh\u00e9rentes\u00a0\u00bb number=\u00a0\u00bb54&Prime; percent_sign=\u00a0\u00bboff\u00a0\u00bb _builder_version=\u00a0\u00bb4.23.1&Prime; _module_preset=\u00a0\u00bbdefault\u00a0\u00bb title_font=\u00a0\u00bb|600||on|||||\u00a0\u00bb title_font_size=\u00a0\u00bb18px\u00a0\u00bb number_font=\u00a0\u00bb||||||||\u00a0\u00bb number_text_color=\u00a0\u00bb#1FE0BA\u00a0\u00bb number_line_height=\u00a0\u00bb100px\u00a0\u00bb custom_margin=\u00a0\u00bb20px||||false|false\u00a0\u00bb global_colors_info=\u00a0\u00bb{}\u00a0\u00bb][\/et_pb_number_counter][\/et_pb_column][et_pb_column type=\u00a0\u00bb1_4&Prime; _builder_version=\u00a0\u00bb4.23.1&Prime; _module_preset=\u00a0\u00bbdefault\u00a0\u00bb global_colors_info=\u00a0\u00bb{}\u00a0\u00bb][et_pb_number_counter title=\u00a0\u00bbsalari\u00e9s\u00a0\u00bb number=\u00a0\u00bb67&Prime; percent_sign=\u00a0\u00bboff\u00a0\u00bb _builder_version=\u00a0\u00bb4.23.1&Prime; _module_preset=\u00a0\u00bbdefault\u00a0\u00bb title_font=\u00a0\u00bb|600||on|||||\u00a0\u00bb title_font_size=\u00a0\u00bb18px\u00a0\u00bb number_font=\u00a0\u00bb||||||||\u00a0\u00bb number_text_color=\u00a0\u00bb#1FE0BA\u00a0\u00bb number_line_height=\u00a0\u00bb100px\u00a0\u00bb custom_margin=\u00a0\u00bb20px||||false|false\u00a0\u00bb global_colors_info=\u00a0\u00bb{}\u00a0\u00bb][\/et_pb_number_counter][\/et_pb_column][et_pb_column type=\u00a0\u00bb1_4&Prime; _builder_version=\u00a0\u00bb4.23.1&Prime; _module_preset=\u00a0\u00bbdefault\u00a0\u00bb global_colors_info=\u00a0\u00bb{}\u00a0\u00bb][et_pb_number_counter title=\u00a0\u00bbb\u00e9n\u00e9voles\u00a0\u00bb number=\u00a0\u00bb40&Prime; percent_sign=\u00a0\u00bboff\u00a0\u00bb _builder_version=\u00a0\u00bb4.23.1&Prime; _module_preset=\u00a0\u00bbdefault\u00a0\u00bb title_font=\u00a0\u00bb|600||on|||||\u00a0\u00bb title_font_size=\u00a0\u00bb18px\u00a0\u00bb number_font=\u00a0\u00bb||||||||\u00a0\u00bb number_text_color=\u00a0\u00bb#1FE0BA\u00a0\u00bb number_line_height=\u00a0\u00bb100px\u00a0\u00bb custom_margin=\u00a0\u00bb20px||||false|false\u00a0\u00bb global_colors_info=\u00a0\u00bb{}\u00a0\u00bb][\/et_pb_number_counter][\/et_pb_column][et_pb_column type=\u00a0\u00bb1_4&Prime; _builder_version=\u00a0\u00bb4.23.1&Prime; _module_preset=\u00a0\u00bbdefault\u00a0\u00bb global_colors_info=\u00a0\u00bb{}\u00a0\u00bb][et_pb_number_counter title=\u00a0\u00bbadh\u00e9rents \u00e0 l\u2019ASDV\u00a0\u00bb number=\u00a0\u00bb42&Prime; percent_sign=\u00a0\u00bboff\u00a0\u00bb _builder_version=\u00a0\u00bb4.23.1&Prime; _module_preset=\u00a0\u00bbdefault\u00a0\u00bb title_font=\u00a0\u00bb|600||on|||||\u00a0\u00bb title_font_size=\u00a0\u00bb18px\u00a0\u00bb number_font=\u00a0\u00bb||||||||\u00a0\u00bb number_text_color=\u00a0\u00bb#1FE0BA\u00a0\u00bb number_line_height=\u00a0\u00bb100px\u00a0\u00bb custom_margin=\u00a0\u00bb20px||||false|false\u00a0\u00bb global_colors_info=\u00a0\u00bb{}\u00a0\u00bb][\/et_pb_number_counter][\/et_pb_column][\/et_pb_row][\/et_pb_section][et_pb_section fb_built=\u00a0\u00bb1&Prime; _builder_version=\u00a0\u00bb4.23.1&Prime; _module_preset=\u00a0\u00bbdefault\u00a0\u00bb background_color=\u00a0\u00bbrgba(136,196,221,0.24)\u00a0\u00bb custom_padding=\u00a0\u00bb75px||||false|false\u00a0\u00bb top_divider_style=\u00a0\u00bbwaves2&Prime; top_divider_color=\u00a0\u00bb#FFFFFF\u00a0\u00bb top_divider_height=\u00a0\u00bb106px\u00a0\u00bb top_divider_arrangement=\u00a0\u00bbabove_content\u00a0\u00bb global_colors_info=\u00a0\u00bb{}\u00a0\u00bb][et_pb_row column_structure=\u00a0\u00bb1_2,1_2&Prime; _builder_version=\u00a0\u00bb4.23.1&Prime; _module_preset=\u00a0\u00bbdefault\u00a0\u00bb global_colors_info=\u00a0\u00bb{}\u00a0\u00bb][et_pb_column type=\u00a0\u00bb1_2&Prime; _builder_version=\u00a0\u00bb4.23.1&Prime; _module_preset=\u00a0\u00bbdefault\u00a0\u00bb global_colors_info=\u00a0\u00bb{}\u00a0\u00bb][et_pb_text _builder_version=\u00a0\u00bb4.23.1&Prime; _module_preset=\u00a0\u00bbdefault\u00a0\u00bb global_colors_info=\u00a0\u00bb{}\u00a0\u00bb]<\/p>\n<h2>SAVS : Service d&rsquo;accompagnement <br \/>\u00e0 la vie sociale<\/h2>\n<p><span><\/span><\/p>\n<p><span><\/span><\/p>\n<p>Les<span>\u00a0<\/span><b>Services d&rsquo;Accompagnement \u00e0 la Vie Sociale (SAVS)<\/b><span>\u00a0<\/span>ont pour but de soutenir les personnes adultes handicap\u00e9es dans la r\u00e9alisation de leur projet de vie. Les SAVS offre \u00e0 leurs usagers un accompagnement pour maintenir ou restaurer leurs liens familiaux, sociaux, scolaires, universitaires et professionnels, et facilite leur acc\u00e8s aux services offerts par la collectivit\u00e9.<\/p>\n<p>Les besoins de chaque usager sont d\u00e9termin\u00e9s par une \u00e9quipe pluridisciplinaire en collaboration avec l&rsquo;usager lui-m\u00eame, dans le cadre d&rsquo;un projet individualis\u00e9 de prise en charge et d&rsquo;accompagnement. Ce projet tient compte de son projet de vie notamment en mati\u00e8re de logement, de vie sociale et familiale ou de citoyennet\u00e9, de ses capacit\u00e9s d&rsquo;autonomie et de vie sociale, ainsi que des recommandations de la Commission des Droits et de l&rsquo;Autonomie des Personnes Handicap\u00e9es (CDAPH).<\/p>\n<p>Les SAVS sont soumis \u00e0 des conditions minimales d&rsquo;organisation et de fonctionnement \u00e9tablies par le<span>\u00a0<\/span><a href=\"http:\/\/www.legifrance.gouv.fr\/affichTexte.do?cidTexte=JORFTEXT000000263421&amp;dateTexte=\" target=\"document\" rel=\"noopener\">d\u00e9cret n\u00b02005-223 du 11 mars 2005<\/a>. De plus, les Services d&rsquo;Accompagnement \u00e0 la Vie Sociale sont soumis \u00e0 la proc\u00e9dure d&rsquo;autorisation et d&rsquo;\u00e9valuation qui s&rsquo;applique \u00e0 tous les \u00e9tablissements et services m\u00e9dico-sociaux.<\/p>\n<p>La cr\u00e9ation d&rsquo;un Service d&rsquo;Accompagnement \u00e0 la Vie Sociale (SAVS) est autoris\u00e9e par le Pr\u00e9sident du Conseil G\u00e9n\u00e9ral. Les co\u00fbts de fonctionnement de ce service sont \u00e0 la charge du d\u00e9partement et sont financ\u00e9s par le Conseil g\u00e9n\u00e9ral au titre de l&rsquo;accompagnement \u00e0 la vie sociale.<\/p>\n<p>Les SAVS sont soumis \u00e0 des conditions minimales d&rsquo;organisation et de fonctionnement, ainsi qu&rsquo;\u00e0 une proc\u00e9dure d&rsquo;autorisation et d&rsquo;\u00e9valuation.<\/p>\n<p>[\/et_pb_text][\/et_pb_column][et_pb_column type=\u00a0\u00bb1_2&Prime; _builder_version=\u00a0\u00bb4.23.1&Prime; _module_preset=\u00a0\u00bbdefault\u00a0\u00bb global_colors_info=\u00a0\u00bb{}\u00a0\u00bb][et_pb_image src=\u00a0\u00bbhttp:\/\/lespapillonsblancs.fr\/wp-content\/uploads\/2023\/11\/2-d59f56b6-bafe-4b88-9a10-b430d3a71101-672&#215;1024.jpg\u00a0\u00bb title_text=\u00a0\u00bbA-METTRE-SUR-REF-SITE-3&Prime; _builder_version=\u00a0\u00bb4.23.1&Prime; _module_preset=\u00a0\u00bbdefault\u00a0\u00bb global_colors_info=\u00a0\u00bb{}\u00a0\u00bb][\/et_pb_image][\/et_pb_column][\/et_pb_row][\/et_pb_section]<\/p>\n","protected":false},"excerpt":{"rendered":"<p>Les papillons blancs des vall\u00e9es est une organisation qui r\u00e9unit tous ses \u00e9tablissements et services sur le site \u00abLes Quatre Saisons\u00bb, situ\u00e9 \u00e0 Foucarmont dans le Nord-Est du d\u00e9partement de la Seine-Maritime.Nich\u00e9 au c\u0153ur de la campagne, cet endroit paisible offre un cadre de vie agr\u00e9able tant pour les personnes accompagn\u00e9es que pour les professionnels.<div class=\"et_pb_with_border et_pb_module ba_advanced_divider ba_advanced_divider_0\">\n\t\t\t\t\n\t\t\t\t\n\t\t\t\t\n\t\t\t\t\n\t\t\t\t\n\t\t\t\t\n\t\t\t\t<div class=\"et_pb_module_inner\">\n\t\t\t\t\t<div class=\"dtq-module dtq-divider\">\n                <div class=\"dtq-divider__border dtq-divider__border-start\"><\/div>\n                <div class=\"dtq-divider__icon dtq-divider__element\">\n                    <i class=\"dtq-icon dtq-et-icon\">&#xe0ed;<\/i>\n                <\/div>\n                <div class=\"dtq-divider__border dtq-divider__border-end\"><\/div>\n                \n            <\/div>\n\t\t\t\t<\/div>\n\t\t\t<\/div><\/p>\n","protected":false},"author":2,"featured_media":0,"parent":0,"menu_order":0,"comment_status":"closed","ping_status":"closed","template":"","meta":{"_et_pb_use_builder":"on","_et_pb_old_content":"","_et_gb_content_width":"","footnotes":""},"class_list":["post-250019","page","type-page","status-publish","hentry"],"_links":{"self":[{"href":"https:\/\/lespapillonsblancs.fr\/index.php\/wp-json\/wp\/v2\/pages\/250019","targetHints":{"allow":["GET"]}}],"collection":[{"href":"https:\/\/lespapillonsblancs.fr\/index.php\/wp-json\/wp\/v2\/pages"}],"about":[{"href":"https:\/\/lespapillonsblancs.fr\/index.php\/wp-json\/wp\/v2\/types\/page"}],"author":[{"embeddable":true,"href":"https:\/\/lespapillonsblancs.fr\/index.php\/wp-json\/wp\/v2\/users\/2"}],"replies":[{"embeddable":true,"href":"https:\/\/lespapillonsblancs.fr\/index.php\/wp-json\/wp\/v2\/comments?post=250019"}],"version-history":[{"count":11,"href":"https:\/\/lespapillonsblancs.fr\/index.php\/wp-json\/wp\/v2\/pages\/250019\/revisions"}],"predecessor-version":[{"id":250042,"href":"https:\/\/lespapillonsblancs.fr\/index.php\/wp-json\/wp\/v2\/pages\/250019\/revisions\/250042"}],"wp:attachment":[{"href":"https:\/\/lespapillonsblancs.fr\/index.php\/wp-json\/wp\/v2\/media?parent=250019"}],"curies":[{"name":"wp","href":"https:\/\/api.w.org\/{rel}","templated":true}]}}