{"id":223,"date":"2023-11-29T22:28:44","date_gmt":"2023-11-29T21:28:44","guid":{"rendered":"https:\/\/lespapillonsblancs.fr\/?page_id=223"},"modified":"2023-12-04T05:48:12","modified_gmt":"2023-12-04T04:48:12","slug":"agissez-avec-nous","status":"publish","type":"page","link":"https:\/\/lespapillonsblancs.fr\/index.php\/agissez-avec-nous\/","title":{"rendered":"Agissez avec nous"},"content":{"rendered":"<p>[et_pb_section fb_built=\u00a0\u00bb1&Prime; next_background_color=\u00a0\u00bb#FFFFFF\u00a0\u00bb admin_label=\u00a0\u00bbSection\u00a0\u00bb _builder_version=\u00a0\u00bb4.23.1&Prime; _module_preset=\u00a0\u00bbdefault\u00a0\u00bb use_background_color_gradient=\u00a0\u00bbon\u00a0\u00bb background_image=\u00a0\u00bbhttp:\/\/lespapillonsblancs.fr\/wp-content\/uploads\/2023\/11\/nursing-home_36.jpeg\u00a0\u00bb background_blend=\u00a0\u00bbsoft-light\u00a0\u00bb bottom_divider_style=\u00a0\u00bbwaves2&Prime; bottom_divider_height=\u00a0\u00bb72px\u00a0\u00bb bottom_divider_repeat=\u00a0\u00bb1x\u00a0\u00bb global_colors_info=\u00a0\u00bb{}\u00a0\u00bb][et_pb_row _builder_version=\u00a0\u00bb4.23.1&Prime; _module_preset=\u00a0\u00bbdefault\u00a0\u00bb background_color=\u00a0\u00bbRGBA(255,255,255,0)\u00a0\u00bb custom_margin=\u00a0\u00bb||20px||false|false\u00a0\u00bb global_colors_info=\u00a0\u00bb{}\u00a0\u00bb][et_pb_column type=\u00a0\u00bb4_4&Prime; _builder_version=\u00a0\u00bb4.23.1&Prime; _module_preset=\u00a0\u00bbdefault\u00a0\u00bb global_colors_info=\u00a0\u00bb{}\u00a0\u00bb][et_pb_cta button_text=\u00a0\u00bbClics\u00a0\u00bb _builder_version=\u00a0\u00bb4.23.1&Prime; _module_preset=\u00a0\u00bbdefault\u00a0\u00bb header_level=\u00a0\u00bbh1&Prime; body_line_height=\u00a0\u00bb1.9em\u00a0\u00bb use_background_color=\u00a0\u00bboff\u00a0\u00bb global_colors_info=\u00a0\u00bb{}\u00a0\u00bb]<\/p>\n<p><span style=\"font-size: xx-large;\">Agissez avec nous !<\/span><\/p>\n<p><span style=\"font-size: large;\">Rejoignez notre mission visant \u00e0 transformer la vie des personnes en situation de handicap. Votre engagement, que vous soyez particulier, entreprise ou institution, fait la diff\u00e9rence. Ensemble, construisons un avenir inclusif et offrons un soutien adapt\u00e9 \u00e0 ceux qui en ont le plus besoin. Agissez avec nous pour cr\u00e9er un impact positif et durable. Chaque geste compte.<\/span><\/p>\n<p>[\/et_pb_cta][\/et_pb_column][\/et_pb_row][\/et_pb_section][et_pb_section fb_built=\u00a0\u00bb1&Prime; _builder_version=\u00a0\u00bb4.23.1&Prime; _module_preset=\u00a0\u00bbdefault\u00a0\u00bb background_color=\u00a0\u00bb#FFFFFF\u00a0\u00bb background_image=\u00a0\u00bbhttp:\/\/lespapillonsblancs.fr\/wp-content\/uploads\/2023\/12\/charity-22.png\u00a0\u00bb parallax=\u00a0\u00bbon\u00a0\u00bb global_colors_info=\u00a0\u00bb{}\u00a0\u00bb][et_pb_row _builder_version=\u00a0\u00bb4.23.1&Prime; _module_preset=\u00a0\u00bbdefault\u00a0\u00bb custom_margin=\u00a0\u00bb||-60px||false|false\u00a0\u00bb global_colors_info=\u00a0\u00bb{}\u00a0\u00bb][et_pb_column type=\u00a0\u00bb4_4&Prime; _builder_version=\u00a0\u00bb4.23.1&Prime; _module_preset=\u00a0\u00bbdefault\u00a0\u00bb global_colors_info=\u00a0\u00bb{}\u00a0\u00bb][dondivi_content_toggle label1=\u00a0\u00bbParticuliers\u00a0\u00bb label2=\u00a0\u00bbEntreprises\u00a0\u00bb ct_gap=\u00a0\u00bb3em\u00a0\u00bb c1_content=\u00a0\u00bb<\/p>\n<p><strong>AVANTAGES FISCAUX<\/strong><\/p>\n<p>Vos dons aux Papillons Blancs des Vall\u00e9es sont d\u00e9ductibles \u00e0 75 % dans la limite de 546 euros par an. Au del\u00e0, vos dons sont d\u00e9ductibles \u00e0 hauteur de 66 %, dans la limite de 20 % de votre revenu net imposable. En cas de d\u00e9passement de ce plafond, un report de l\u2019exc\u00e9dent est possible durant 5 ans.<\/p>\n<p>Pensez-y au moment de d\u00e9terminer le montant de votre soutien !<\/p>\n<p>\u00a0\u00bb c2_content=\u00a0\u00bb<\/p>\n<p>BON \u00c0 SAVOIR<\/p>\n<p>Vos dons aux Papillons Blancs 76 sont d\u00e9ductibles \u00e0 60 % de l\u2019Imp\u00f4t sur le revenu ou les Entreprises, dans la limite de 0,5 % du chiffre d\u2019affaires. Une d\u00e9duction de 75 % de votre don est possible sur votre IFI dans la limite de 50 000\u20ac par an.<\/p>\n<p>Pensez-y au moment de d\u00e9terminer le montant de votre soutien !<\/p>\n<p>\u00a0\u00bb _builder_version=\u00a0\u00bb4.23.1&Prime; _module_preset=\u00a0\u00bbdefault\u00a0\u00bb min_height=\u00a0\u00bb222.2px\u00a0\u00bb custom_margin=\u00a0\u00bb||-23px|||\u00a0\u00bb custom_padding=\u00a0\u00bb||0px|||\u00a0\u00bb global_colors_info=\u00a0\u00bb{}\u00a0\u00bb][\/dondivi_content_toggle][et_pb_code admin_label=\u00a0\u00bbCode\u00a0\u00bb _builder_version=\u00a0\u00bb4.23.1&Prime; _module_preset=\u00a0\u00bbdefault\u00a0\u00bb global_colors_info=\u00a0\u00bb{}\u00a0\u00bb]<script type=\"text\/javascript\"><!-- [et_pb_line_break_holder] -->  jQuery(document).ready(function(){<!-- [et_pb_line_break_holder] --><!-- [et_pb_line_break_holder] -->    $('#ddb-content-two-ext').hide();<!-- [et_pb_line_break_holder] --><!-- [et_pb_line_break_holder] -->    $('#dondivi_content_toggle_0_input').click(function(){<!-- [et_pb_line_break_holder] --><!-- [et_pb_line_break_holder] -->      if($(\".ddb-content-one\").is(\":hidden\"))\t         {<!-- [et_pb_line_break_holder] -->        $('#ddb-content-one-ext').show();<!-- [et_pb_line_break_holder] -->        $('#ddb-content-two-ext').hide();<!-- [et_pb_line_break_holder] -->      }else{<!-- [et_pb_line_break_holder] -->        $('#ddb-content-one-ext').hide();<!-- [et_pb_line_break_holder] -->        $('#ddb-content-two-ext').show();<!-- [et_pb_line_break_holder] -->      }<!-- [et_pb_line_break_holder] -->    });<!-- [et_pb_line_break_holder] -->  });<!-- [et_pb_line_break_holder] --><\/script>[\/et_pb_code][\/et_pb_column][\/et_pb_row][et_pb_row column_structure=\u00a0\u00bb1_3,1_3,1_3&Prime; module_id=\u00a0\u00bbddb-content-one-ext\u00a0\u00bb _builder_version=\u00a0\u00bb4.23.1&Prime; _module_preset=\u00a0\u00bbdefault\u00a0\u00bb global_colors_info=\u00a0\u00bb{}\u00a0\u00bb][et_pb_column type=\u00a0\u00bb1_3&Prime; _builder_version=\u00a0\u00bb4.23.1&Prime; _module_preset=\u00a0\u00bbdefault\u00a0\u00bb global_colors_info=\u00a0\u00bb{}\u00a0\u00bb][et_pb_cta title=\u00a0\u00bbDON EN LIGNE                        \u00a0\u00bb button_url=\u00a0\u00bb@ET-DC@eyJkeW5hbWljIjp0cnVlLCJjb250ZW50IjoicG9zdF9saW5rX3VybF9wYWdlIiwic2V0dGluZ3MiOnsicG9zdF9pZCI6IjI1MDA3NyJ9fQ==@\u00a0\u00bb button_text=\u00a0\u00bbFaire un don\u00a0\u00bb _builder_version=\u00a0\u00bb4.23.1&Prime; _dynamic_attributes=\u00a0\u00bbbutton_url\u00a0\u00bb _module_preset=\u00a0\u00bbdefault\u00a0\u00bb background_color=\u00a0\u00bb#1FE0BA\u00a0\u00bb global_colors_info=\u00a0\u00bb{}\u00a0\u00bb]<\/p>\n<p><strong>Vous souhaitez soutenir ponctuellement nos actions ?<\/strong><\/p>\n<p>Chaque don, quel que soit son montant, est pr\u00e9cieux et nous permet d&rsquo;am\u00e9liorer les conditions de vie et de d\u00e9veloppement des adultes et enfants que nous accompagnons. En faisant un don en ligne, vous soutenez les femmes et les hommes qui travaillent au quotidien pour le handicap.<\/p>\n<p><strong>Soutenez-nous en faisant un don en ligne d\u00e8s aujourd&rsquo;hui !<\/strong><\/p>\n<p>[\/et_pb_cta][\/et_pb_column][et_pb_column type=\u00a0\u00bb1_3&Prime; _builder_version=\u00a0\u00bb4.23.1&Prime; _module_preset=\u00a0\u00bbdefault\u00a0\u00bb global_colors_info=\u00a0\u00bb{}\u00a0\u00bb][et_pb_cta title=\u00a0\u00bbTRANSMETTRE SON PATRIMOINE\u00a0\u00bb button_url=\u00a0\u00bb#\u00a0\u00bb button_text=\u00a0\u00bbPlus d&rsquo;infos\u00a0\u00bb _builder_version=\u00a0\u00bb4.23.1&Prime; _module_preset=\u00a0\u00bbdefault\u00a0\u00bb background_color=\u00a0\u00bb#1FD7E0&Prime; global_colors_info=\u00a0\u00bb{}\u00a0\u00bb]<\/p>\n<p><strong>Vous souhaitez am\u00e9liorer le lieu de vie des personnes en situation de handicap gr\u00e2ce \u00e0 votre h\u00e9ritage ?<\/strong><\/p>\n<p>C\u2019est possible avec la transmission de patrimoine ! Gr\u00e2ce \u00e0 un legs, une donation, une assurance-vie ou un don sur succession, vous offrez aux personnes que nous accueillons l\u2019opportunit\u00e9 de profiter d\u2019une prise en charge soins toujours plus adapt\u00e9e \u00e0 leurs besoins, et elles vous en remercient !<\/p>\n<p>[\/et_pb_cta][\/et_pb_column][et_pb_column type=\u00a0\u00bb1_3&Prime; _builder_version=\u00a0\u00bb4.23.1&Prime; _module_preset=\u00a0\u00bbdefault\u00a0\u00bb global_colors_info=\u00a0\u00bb{}\u00a0\u00bb][et_pb_cta title=\u00a0\u00bbDEVENIR BENEVOLE\u00a0\u00bb button_url=\u00a0\u00bb#\u00a0\u00bb button_text=\u00a0\u00bbJe me lance\u00a0\u00bb _builder_version=\u00a0\u00bb4.23.1&Prime; _module_preset=\u00a0\u00bbdefault\u00a0\u00bb background_color=\u00a0\u00bb#88C4DD\u00a0\u00bb global_colors_info=\u00a0\u00bb{}\u00a0\u00bb]<\/p>\n<p><strong>Vous souhaitez devenir <\/strong><strong>b\u00e9n\u00e9vole ? <\/strong><\/p>\n<p>Rejoignez-nous et contribuez \u00e0<br \/>notre mission de soutien aux personnes en situation de handicap.\u00a0Aidez-nous dans nos activit\u00e9s de loisirs, d&rsquo;accompagnement ou de sensibilisation et faites une diff\u00e9rence dans la vie de ceux qui en ont besoin.<\/p>\n<p><strong>Pr\u00eat(e) \u00e0 rejoindre une belle aventure humaine en soutenant les personnes que nous accueillons au quotidien ?<\/strong><\/p>\n<p>[\/et_pb_cta][\/et_pb_column][\/et_pb_row][et_pb_row column_structure=\u00a0\u00bb1_3,1_3,1_3&Prime; module_id=\u00a0\u00bbddb-content-two-ext\u00a0\u00bb _builder_version=\u00a0\u00bb4.23.1&Prime; _module_preset=\u00a0\u00bbdefault\u00a0\u00bb custom_css_free_form=\u00a0\u00bb\/*selector{display:none}*\/\u00a0\u00bb global_colors_info=\u00a0\u00bb{}\u00a0\u00bb][et_pb_column type=\u00a0\u00bb1_3&Prime; _builder_version=\u00a0\u00bb4.23.1&Prime; _module_preset=\u00a0\u00bbdefault\u00a0\u00bb global_colors_info=\u00a0\u00bb{}\u00a0\u00bb][et_pb_cta title=\u00a0\u00bbM\u00c9C\u00c9NAT FINANCIER\u00a0\u00bb button_url=\u00a0\u00bb#\u00a0\u00bb button_text=\u00a0\u00bbFaire un don\u00a0\u00bb _builder_version=\u00a0\u00bb4.23.1&Prime; _module_preset=\u00a0\u00bbdefault\u00a0\u00bb background_color=\u00a0\u00bb#D6D6D6&Prime; custom_button=\u00a0\u00bbon\u00a0\u00bb button_text_color=\u00a0\u00bb#FFFFFF\u00a0\u00bb button_use_icon=\u00a0\u00bboff\u00a0\u00bb background_layout=\u00a0\u00bblight\u00a0\u00bb global_colors_info=\u00a0\u00bb{}\u00a0\u00bb]<\/p>\n<p><strong>Chefs d\u2019entreprises,<\/strong><span>\u00a0<\/span><strong>en devenant m\u00e9c\u00e8ne pour les Papillons Blancs de Foucarmont, vous soutenez une association reconnue sur le territoire normand<\/strong><span>\u00a0<\/span>et impliqu\u00e9e dans la construction d\u2019une soci\u00e9t\u00e9 inclusive ! Quel que soit votre secteur d\u2019activit\u00e9 vous pouvez soutenir cette dynamique en finan\u00e7ant nos projets : cr\u00e9ation ou r\u00e9novation d\u2019\u00e9tablissements, achat d\u2019\u00e9quipements \u00e9ducatifs, etc.<\/p>\n<p>[\/et_pb_cta][\/et_pb_column][et_pb_column type=\u00a0\u00bb1_3&Prime; _builder_version=\u00a0\u00bb4.23.1&Prime; _module_preset=\u00a0\u00bbdefault\u00a0\u00bb global_colors_info=\u00a0\u00bb{}\u00a0\u00bb][et_pb_cta title=\u00a0\u00bbM\u00c9C\u00c9NAT DE COMP\u00c9TENCES\u00a0\u00bb button_url=\u00a0\u00bb#\u00a0\u00bb button_text=\u00a0\u00bbPlus d&rsquo;infos\u00a0\u00bb _builder_version=\u00a0\u00bb4.23.1&Prime; _module_preset=\u00a0\u00bbdefault\u00a0\u00bb background_color=\u00a0\u00bb#B3B3B3&Prime; global_colors_info=\u00a0\u00bb{}\u00a0\u00bb]<\/p>\n<p><strong>Notre association vous propose de mettre \u00e0 disposition les comp\u00e9tences de vos collaborateurs<\/strong> au sein de l\u2019association durant un temps limit\u00e9 salari\u00e9 ou dans le cadre du m\u00e9c\u00e9nat de comp\u00e9tences. En devenant m\u00e9c\u00e8ne, vos collaborateurs participent b\u00e9n\u00e9volement \u00e0 une mission d\u00e9finie, tandis que vous acc\u00e9dez \u00e0 des avantages fiscaux.<\/p>\n<p>[\/et_pb_cta][\/et_pb_column][et_pb_column type=\u00a0\u00bb1_3&Prime; _builder_version=\u00a0\u00bb4.23.1&Prime; _module_preset=\u00a0\u00bbdefault\u00a0\u00bb global_colors_info=\u00a0\u00bb{}\u00a0\u00bb][et_pb_cta title=\u00a0\u00bbDON EN NATURE\u00a0\u00bb button_url=\u00a0\u00bb#\u00a0\u00bb button_text=\u00a0\u00bbJe me lance\u00a0\u00bb _builder_version=\u00a0\u00bb4.23.1&Prime; _module_preset=\u00a0\u00bbdefault\u00a0\u00bb background_color=\u00a0\u00bb#8F8F8F\u00a0\u00bb global_colors_info=\u00a0\u00bb{}\u00a0\u00bb]<\/p>\n<p><strong>Donniez une nouvelle vie \u00e0 votre mat\u00e9riel professionnel ! <\/strong>Parc informatique, outils sanitaires, machines, bois, papier, ou encore outillage\u2026 Participons ensemble \u00e0 la pr\u00e9servation de l\u2019environnement en donnant une nouvelle vie \u00e0 vos ressources professionnelles.<\/p>\n<p>Evitez le gaspillage et vous soutenez notre association dans sa d\u00e9marche environnementale.<\/p>\n<p>[\/et_pb_cta][\/et_pb_column][\/et_pb_row][et_pb_row _builder_version=\u00a0\u00bb4.23.1&Prime; _module_preset=\u00a0\u00bbdefault\u00a0\u00bb custom_margin=\u00a0\u00bb0px||0px||true|false\u00a0\u00bb custom_padding=\u00a0\u00bb0px||0px||true|false\u00a0\u00bb global_colors_info=\u00a0\u00bb{}\u00a0\u00bb][et_pb_column type=\u00a0\u00bb4_4&Prime; _builder_version=\u00a0\u00bb4.23.1&Prime; _module_preset=\u00a0\u00bbdefault\u00a0\u00bb global_colors_info=\u00a0\u00bb{}\u00a0\u00bb][ba_logo_carousel slide_spacing=\u00a0\u00bb61px\u00a0\u00bb logo_height=\u00a0\u00bb220px\u00a0\u00bb logo_hover=\u00a0\u00bbfade\u00a0\u00bb _builder_version=\u00a0\u00bb4.23.1&Prime; _module_preset=\u00a0\u00bbdefault\u00a0\u00bb custom_padding=\u00a0\u00bb0px|||||\u00a0\u00bb hover_enabled=\u00a0\u00bb0&Prime; global_colors_info=\u00a0\u00bb{}\u00a0\u00bb sticky_enabled=\u00a0\u00bb0&Prime;][ba_logo_carousel_child logo=\u00a0\u00bbhttp:\/\/lespapillonsblancs.fr\/wp-content\/uploads\/2023\/12\/Logo_normandie_194x113.png\u00a0\u00bb brand_name=\u00a0\u00bbLogo ARS Normandie\u00a0\u00bb is_link=\u00a0\u00bbon\u00a0\u00bb link_url=\u00a0\u00bbhttps:\/\/www.normandie.ars.sante.fr\/\u00a0\u00bb link_options=\u00a0\u00bbon|on\u00a0\u00bb _builder_version=\u00a0\u00bb4.23.1&Prime; _module_preset=\u00a0\u00bbdefault\u00a0\u00bb hover_enabled=\u00a0\u00bb0&Prime; global_colors_info=\u00a0\u00bb{}\u00a0\u00bb sticky_enabled=\u00a0\u00bb0&Prime;][\/ba_logo_carousel_child][ba_logo_carousel_child logo=\u00a0\u00bbhttp:\/\/lespapillonsblancs.fr\/wp-content\/uploads\/2023\/12\/logo_cd_76_quadri.png\u00a0\u00bb brand_name=\u00a0\u00bbLogo d\u00e9partement Seine-Maritime\u00a0\u00bb is_link=\u00a0\u00bbon\u00a0\u00bb link_url=\u00a0\u00bbhttps:\/\/www.seinemaritime.fr\/\u00a0\u00bb link_options=\u00a0\u00bbon|on\u00a0\u00bb _builder_version=\u00a0\u00bb4.23.1&Prime; _module_preset=\u00a0\u00bbdefault\u00a0\u00bb hover_enabled=\u00a0\u00bb0&Prime; global_colors_info=\u00a0\u00bb{}\u00a0\u00bb sticky_enabled=\u00a0\u00bb0&Prime;][\/ba_logo_carousel_child][ba_logo_carousel_child logo=\u00a0\u00bbhttp:\/\/lespapillonsblancs.fr\/wp-content\/uploads\/2023\/12\/9fa47436-4669-4028-94d2-b950c95803ae_out-800&#215;272.jpg\u00a0\u00bb _builder_version=\u00a0\u00bb4.23.1&Prime; _module_preset=\u00a0\u00bbdefault\u00a0\u00bb title_text=\u00a0\u00bblogo_unapei\u00a0\u00bb brand_name=\u00a0\u00bbLogo UNAPEI\u00a0\u00bb is_link=\u00a0\u00bbon\u00a0\u00bb link_options=\u00a0\u00bbon|on\u00a0\u00bb link_url=\u00a0\u00bbhttps:\/\/www.unapei.org\/\u00a0\u00bb hover_enabled=\u00a0\u00bb0&Prime; sticky_enabled=\u00a0\u00bb0&Prime;][\/ba_logo_carousel_child][\/ba_logo_carousel][\/et_pb_column][\/et_pb_row][\/et_pb_section]<\/p>\n","protected":false},"excerpt":{"rendered":"<p>Agissez avec nous ! Rejoignez notre mission visant \u00e0 transformer la vie des personnes en situation de handicap. Votre engagement, que vous soyez particulier, entreprise ou institution, fait la diff\u00e9rence. Ensemble, construisons un avenir inclusif et offrons un soutien adapt\u00e9 \u00e0 ceux qui en ont le plus besoin. Agissez avec nous pour cr\u00e9er un impact [&hellip;]<\/p>\n","protected":false},"author":2,"featured_media":0,"parent":0,"menu_order":0,"comment_status":"closed","ping_status":"closed","template":"","meta":{"_et_pb_use_builder":"on","_et_pb_old_content":"","_et_gb_content_width":"","footnotes":""},"class_list":["post-223","page","type-page","status-publish","hentry"],"_links":{"self":[{"href":"https:\/\/lespapillonsblancs.fr\/index.php\/wp-json\/wp\/v2\/pages\/223","targetHints":{"allow":["GET"]}}],"collection":[{"href":"https:\/\/lespapillonsblancs.fr\/index.php\/wp-json\/wp\/v2\/pages"}],"about":[{"href":"https:\/\/lespapillonsblancs.fr\/index.php\/wp-json\/wp\/v2\/types\/page"}],"author":[{"embeddable":true,"href":"https:\/\/lespapillonsblancs.fr\/index.php\/wp-json\/wp\/v2\/users\/2"}],"replies":[{"embeddable":true,"href":"https:\/\/lespapillonsblancs.fr\/index.php\/wp-json\/wp\/v2\/comments?post=223"}],"version-history":[{"count":40,"href":"https:\/\/lespapillonsblancs.fr\/index.php\/wp-json\/wp\/v2\/pages\/223\/revisions"}],"predecessor-version":[{"id":250142,"href":"https:\/\/lespapillonsblancs.fr\/index.php\/wp-json\/wp\/v2\/pages\/223\/revisions\/250142"}],"wp:attachment":[{"href":"https:\/\/lespapillonsblancs.fr\/index.php\/wp-json\/wp\/v2\/media?parent=223"}],"curies":[{"name":"wp","href":"https:\/\/api.w.org\/{rel}","templated":true}]}}